{"id":119,"date":"2020-10-30T17:02:26","date_gmt":"2020-10-30T17:02:26","guid":{"rendered":"http:\/\/tdi_365_dd2"},"modified":"2025-06-09T13:51:42","modified_gmt":"2025-06-09T13:51:42","slug":"home","status":"publish","type":"page","link":"https:\/\/agenciaunicom.com.br\/blog\/","title":{"rendered":"Home"},"content":{"rendered":"<div id=\"tdi_1\" class=\"tdc-zone\"><div class=\"tdc_zone tdi_2  wpb_row td-pb-row\"  >\n<style scoped>\n\/* custom css - generated by TagDiv Composer *\/\n\n\/* custom css - generated by TagDiv Composer *\/\n\/* custom css - generated by TagDiv Composer *\/\n.tdi_2{\r\n                    min-height: 0;\r\n                }\n<\/style><div id=\"tdi_3\" class=\"tdc-row stretch_row_1200 td-stretch-content\"><div class=\"vc_row tdi_4 banner wpb_row td-pb-row tdc-element-style\" >\n<style scoped>\n\/* custom css - generated by TagDiv Composer *\/\n\n\/* custom css - generated by TagDiv Composer *\/\n\/* custom css - generated by TagDiv Composer *\/\n\r\n                \r\n                \r\n                .tdi_4,\r\n                .tdi_4 .tdc-columns{\r\n                    min-height: 0;\r\n                }.tdi_4,\r\n\t\t\t\t.tdi_4 .tdc-columns{\r\n\t\t\t\t    display: block;\r\n\t\t\t\t}.tdi_4 .tdc-columns{\r\n\t\t\t\t    width: 100%;\r\n\t\t\t\t}@media (min-width: 768px) {\r\n\t                .tdi_4 {\r\n\t                    margin-left: -30px;\r\n\t                    margin-right: -30px;\r\n\t                }\r\n\t                .tdi_4 .tdc-row-video-background-error,\r\n\t                .tdi_4 > .vc_column,\r\n\t                .tdi_4 > .tdc-columns > .vc_column {\r\n\t                    padding-left: 30px;\r\n\t                    padding-right: 30px;\r\n\t                }\r\n                }\n\n\/* landscape *\/\n@media (min-width: 1019px) and (max-width: 1140px){\n\/* custom css - generated by TagDiv Composer *\/\n@media (min-width: 768px) {\r\n\t                .tdi_4 {\r\n\t                    margin-left: -20px;\r\n\t                    margin-right: -20px;\r\n\t                }\r\n\t                .tdi_4 .tdc-row-video-background-error,\r\n\t                .tdi_4 > .vc_column,\r\n\t                .tdi_4 > .tdc-columns > .vc_column {\r\n\t                    padding-left: 20px;\r\n\t                    padding-right: 20px;\r\n\t                }\r\n                }\n}\n\n\/* portrait *\/\n@media (min-width: 768px) and (max-width: 1018px){\n\/* custom css - generated by TagDiv Composer *\/\n@media (min-width: 768px) {\r\n\t                .tdi_4 {\r\n\t                    margin-left: -15px;\r\n\t                    margin-right: -15px;\r\n\t                }\r\n\t                .tdi_4 .tdc-row-video-background-error,\r\n\t                .tdi_4 > .vc_column,\r\n\t                .tdi_4 > .tdc-columns > .vc_column {\r\n\t                    padding-left: 15px;\r\n\t                    padding-right: 15px;\r\n\t                }\r\n                }\n}\n\n\/* phone *\/\n@media (max-width: 767px){\n\/* custom css - generated by TagDiv Composer *\/\n#tdi_3{\r\n\t\t\t\t    max-width: 100% !important;\r\n\t\t\t\t}\n}\n\/* inline tdc_css att - generated by TagDiv Composer *\/\n\n.tdi_4{\nmargin-bottom:52px !important;\npadding-top:80px !important;\npadding-bottom:80px !important;\nposition:relative;\n}\n\n.tdi_4 .td_block_wrap{ text-align:left }\n\n\/* portrait *\/\n@media (min-width: 768px) and (max-width: 1018px)\n{\n.tdi_4{\nposition:relative;\n}\n}\n\n<\/style>\n<div class=\"tdi_3_rand_style td-element-style\" ><style>\n\/* custom css - generated by TagDiv Composer *\/\n\n.tdi_3_rand_style{\nbackground-color:#ededed !important;\n}\n\n\/* portrait *\/\n@media (min-width: 768px) and (max-width: 1018px)\n{\n.tdi_3_rand_style{\nbackground-color:rgba(0,0,0,0.1) !important;\n}\n}\n <\/style><\/div><div class=\"vc_column tdi_6  wpb_column vc_column_container tdc-column td-pb-span12\">\n<style scoped>\n\/* custom css - generated by TagDiv Composer *\/\n\n\/* custom css - generated by TagDiv Composer *\/\n\/* custom css - generated by TagDiv Composer *\/\n.tdi_6{\r\n                    vertical-align: baseline;\r\n                }.tdi_6 > .wpb_wrapper,\r\n\t\t\t\t.tdi_6 > .wpb_wrapper > .tdc-elements{\r\n\t\t\t\t    display: block;\r\n\t\t\t\t}.tdi_6 > .wpb_wrapper > .tdc-elements{\r\n\t\t\t\t    width: 100%;\r\n\t\t\t\t}.tdi_6 > .wpb_wrapper > .vc_row_inner{\r\n\t\t\t\t    width: auto;\r\n\t\t\t\t}.tdi_6 > .wpb_wrapper{\r\n\t\t\t\t    width: auto;\r\n\t\t\t\t    height: auto;\r\n\t\t\t\t}\n\/* inline tdc_css att - generated by TagDiv Composer *\/\n\n\/* phone *\/\n@media (max-width: 767px)\n{\n.tdi_6{\nmargin-bottom:30px !important;\nwidth:100% !important;\n}\n}\n\n<\/style><div class=\"wpb_wrapper\" ><div class=\"vc_row_inner tdi_8  vc_row vc_inner wpb_row td-pb-row tdc-row-content-vert-center\" >\n<style scoped>\n\/* custom css - generated by TagDiv Composer *\/\n\n\/* custom css - generated by TagDiv Composer *\/\n\/* custom css - generated by TagDiv Composer *\/\n\r\n\r\n                \r\n                 \r\n                \r\n                \r\n                .tdi_8{\r\n                    position: relative !important;\r\n                    top: 0;\r\n                    transform: none;\r\n                    -webkit-transform: none;\r\n                }.tdi_8,\r\n\t\t\t\t.tdi_8 .tdc-inner-columns{\r\n\t\t\t\t    display: block;\r\n\t\t\t\t}.tdi_8 .tdc-inner-columns{\r\n\t\t\t\t    width: 100%;\r\n\t\t\t\t}@media (min-width: 768px) {\r\n\t                .tdi_8 {\r\n\t                    margin-left: -30px;\r\n\t                    margin-right: -30px;\r\n\t                }\r\n\t                .tdi_8 > .vc_column_inner,\r\n\t                .tdi_8 > .tdc-inner-columns > .vc_column_inner {\r\n\t                    padding-left: 30px;\r\n\t                    padding-right: 30px;\r\n\t                }\r\n                }@media (min-width: 767px) {\r\n                    .tdi_8.tdc-row-content-vert-center,\r\n                    .tdi_8.tdc-row-content-vert-center .tdc-inner-columns {\r\n                        display: flex;\r\n                        align-items: center;\r\n                        flex: 1;\r\n                    }\r\n                    .tdi_8.tdc-row-content-vert-bottom,\r\n                    .tdi_8.tdc-row-content-vert-bottom .tdc-inner-columns {\r\n                        display: flex;\r\n                        align-items: flex-end;\r\n                        flex: 1;\r\n                    }\r\n                    .tdi_8.tdc-row-content-vert-center .td_block_wrap {\r\n                        vertical-align: middle;\r\n                    }\r\n                    .tdi_8.tdc-row-content-vert-bottom .td_block_wrap {\r\n                        vertical-align: bottom;\r\n                    }\r\n                }\n\n\/* phone *\/\n@media (max-width: 767px){\n\/* custom css - generated by TagDiv Composer *\/\n@media (min-width: 768px) {\r\n\t                .tdi_8 {\r\n\t                    margin-left: -0px;\r\n\t                    margin-right: -0px;\r\n\t                }\r\n\t                .tdi_8 > .vc_column_inner,\r\n\t                .tdi_8 > .tdc-inner-columns > .vc_column_inner {\r\n\t                    padding-left: 0px;\r\n\t                    padding-right: 0px;\r\n\t                }\r\n                }\n}\n<\/style><div class=\"vc_column_inner tdi_10  wpb_column vc_column_container tdc-inner-column td-pb-span6\">\n<style scoped>\n\/* custom css - generated by TagDiv Composer *\/\n\n\/* custom css - generated by TagDiv Composer *\/\n\/* custom css - generated by TagDiv Composer *\/\n.tdi_10{\r\n                    vertical-align: baseline;\r\n                }.tdi_10 .vc_column-inner > .wpb_wrapper,\r\n\t\t\t\t.tdi_10 .vc_column-inner > .wpb_wrapper .tdc-elements{\r\n\t\t\t\t    display: block;\r\n\t\t\t\t}.tdi_10 .vc_column-inner > .wpb_wrapper .tdc-elements{\r\n\t\t\t\t    width: 100%;\r\n\t\t\t\t}\n\n\/* phone *\/\n@media (max-width: 767px){\n\/* custom css - generated by TagDiv Composer *\/\n.tdi_10{\r\n                    vertical-align: top;\r\n                }\n}\n\/* inline tdc_css att - generated by TagDiv Composer *\/\n\n\/* phone *\/\n@media (max-width: 767px)\n{\n.tdi_10{\nwidth:50% !important;\ndisplay:inline-block !important;\n}\n}\n\n<\/style><div class=\"vc_column-inner\"><div class=\"wpb_wrapper\" ><div class=\"wpb_wrapper td_block_wrap vc_raw_html tdi_12 \"><div class=\"td-fix-index\"><h1 class=\"titulo-ola\">Ol\u00e1,<\/h1><\/div><\/div><\/div><\/div><\/div><div class=\"vc_column_inner tdi_14  wpb_column vc_column_container tdc-inner-column td-pb-span6\">\n<style scoped>\n\/* custom css - generated by TagDiv Composer *\/\n\n\/* custom css - generated by TagDiv Composer *\/\n\/* custom css - generated by TagDiv Composer *\/\n.tdi_14{\r\n                    vertical-align: baseline;\r\n                }.tdi_14 .vc_column-inner > .wpb_wrapper,\r\n\t\t\t\t.tdi_14 .vc_column-inner > .wpb_wrapper .tdc-elements{\r\n\t\t\t\t    display: block;\r\n\t\t\t\t}.tdi_14 .vc_column-inner > .wpb_wrapper .tdc-elements{\r\n\t\t\t\t    width: 100%;\r\n\t\t\t\t}\n<\/style><div class=\"vc_column-inner\"><div class=\"wpb_wrapper\" ><div class=\"wpb_wrapper td_block_single_image td_block_wrap  td-animation-stack td_block_wrap vc_single_image tdi_15  td-single-image- td-pb-border-top td_block_template_1 \"  data-td-block-uid=\"tdi_15\"><span \r\n                            class=\"td_single_image_bg td-lazy-img\" \r\n                            data-type=\"css_image\" \r\n                            data-img-url=\"https:\/\/agenciaunicom.com.br\/blog\/wp-content\/uploads\/2025\/06\/ALESE-e-de-lei-redes-_E-Banner-__1140x192_v2.jpg\"  ><\/span>\n<style>\n\n\/* inline tdc_css att - generated by TagDiv Composer *\/\n\n\/* phone *\/\n@media (max-width: 767px)\n{\n.tdi_15{\nmargin-left:3px !important;\n}\n}\n\n<\/style>\n<style>\n\/* custom css - generated by TagDiv Composer *\/\n\/* custom css - generated by TagDiv Composer *\/\n\r\n                .td_block_single_image.td-image-video-modal{\r\n                  cursor: pointer;\r\n                }.td_block_single_image .td_single_image_bg{\r\n                  display: block;\r\n                }.td_block_single_image.td-no-img-custom-url .td_single_image_bg{\r\n                  pointer-events: none;\r\n                  cursor: default;\r\n                }.vc_single_image a{\r\n                  position: relative;\r\n                }.td-single-image-style-rounded .td_single_image_bg,\r\n                .td-single-image-style-rounded .td_single_image_bg:before,\r\n                .td-single-image-style-rounded .td_single_image_bg:after{\r\n                  border-radius: 4px;\r\n                }.td-single-image-style-border,\r\n                .td-single-image-style-round-border,\r\n                .td-single-image-style-circle-border,\r\n                .td-single-image-style-outline,\r\n                .td-single-image-style-bordered-shadow,\r\n                .td-single-image-style-round-outline,\r\n                .td-single-image-style-round-border-shadow,\r\n                .td-single-image-style-circle-outline,\r\n                .td-single-image-style-circle-border-shadow{\r\n                  margin-bottom: 22px;\r\n                  background-color: #EBEBEB;\r\n                }.td-single-image-style-border,\r\n                .td-single-image-style-round-border,\r\n                .td-single-image-style-circle-border{\r\n                  padding: 6px;\r\n                }.td-single-image-style-outline,\r\n                .td-single-image-style-bordered-shadow,\r\n                .td-single-image-style-round-outline,\r\n                .td-single-image-style-round-border-shadow,\r\n                .td-single-image-style-circle-outline,\r\n                .td-single-image-style-circle-border-shadow{\r\n                  padding: 1px;\r\n                }.td-single-image-style-outline .td_single_image_bg:before,\r\n                .td-single-image-style-bordered-shadow .td_single_image_bg:before,\r\n                .td-single-image-style-round-outline .td_single_image_bg:before,\r\n                .td-single-image-style-round-border-shadow .td_single_image_bg:before,\r\n                .td-single-image-style-circle-outline .td_single_image_bg:before,\r\n                .td-single-image-style-circle-border-shadow .td_single_image_bg:before,\r\n                .td-single-image-style-outline a:after,\r\n                .td-single-image-style-bordered-shadow .td_single_image_bg:after,\r\n                .td-single-image-style-round-outline .td_single_image_bg:after,\r\n                .td-single-image-style-round-border-shadow .td_single_image_bg:after,\r\n                .td-single-image-style-circle-outline .td_single_image_bg:after,\r\n                .td-single-image-style-circle-border-shadow .td_single_image_bg:after{\r\n                  content: '';\r\n                  position: absolute;\r\n                  top: 0;\r\n                  left: 0;\r\n                  width: 100%;\r\n                  height: 100%;\r\n                }.td-single-image-style-outline .td_single_image_bg:after,\r\n                .td-single-image-style-bordered-shadow .td_single_image_bg:after,\r\n                .td-single-image-style-round-outline .td_single_image_bg:after,\r\n                .td-single-image-style-round-border-shadow .td_single_image_bg:after,\r\n                .td-single-image-style-circle-outline .td_single_image_bg:after,\r\n                .td-single-image-style-circle-border-shadow .td_single_image_bg:after{\r\n                  color: #fff;\r\n                  -webkit-box-shadow: inset 0px 0px 0px 6px;\r\n                  box-shadow: inset 0px 0px 0px 6px;\r\n                }.td-single-image-style-outline .td_single_image_bg:before,\r\n                .td-single-image-style-bordered-shadow .td_single_image_bg:before,\r\n                .td-single-image-style-round-outline .td_single_image_bg:before,\r\n                .td-single-image-style-round-border-shadow .td_single_image_bg:before,\r\n                .td-single-image-style-circle-outline .td_single_image_bg:before,\r\n                .td-single-image-style-circle-border-shadow .td_single_image_bg:before{\r\n                  color: #EBEBEB;\r\n                  -webkit-box-shadow: inset 0px 0px 0px 7px;\r\n                  box-shadow: inset 0px 0px 0px 7px;\r\n                }.td-single-image-style-shadow .td_single_image_bg,\r\n                .td-single-image-style-bordered-shadow .td_single_image_bg,\r\n                .td-single-image-style-round-shadow .td_single_image_bg,\r\n                .td-single-image-style-round-border-shadow .td_single_image_bg,\r\n                .td-single-image-style-circle-shadow .td_single_image_bg,\r\n                .td-single-image-style-circle-border-shadow .td_single_image_bg{\r\n                  -webkit-box-shadow: 0 0 6px rgba(0, 0, 0, 0.1);\r\n                  box-shadow: 0 0 6px rgba(0, 0, 0, 0.1);\r\n                }.td-single-image-style-3d-shadow{\r\n                  position: relative;\r\n                }.td-single-image-style-3d-shadow:before,\r\n                .td-single-image-style-3d-shadow:after{\r\n                  content: '';\r\n                  position: absolute;\r\n                  bottom: 0;\r\n                  height: 30%;\r\n                  -webkit-box-shadow: 0 15px 10px rgba(0, 0, 0, 0.6);\r\n                  box-shadow: 0 15px 10px rgba(0, 0, 0, 0.6);\r\n                  z-index: 0;\r\n                }.td-single-image-style-3d-shadow:before{\r\n                  left: 5px;\r\n                  right: 50%;\r\n                  -webkit-transform: skewY(-6deg);\r\n                  transform: skewY(-6deg);\r\n                  -webkit-transform-origin: 0 0;\r\n                  transform-origin: 0 0;\r\n                }.td-single-image-style-3d-shadow:after{\r\n                  left: 50%;\r\n                  right: 5px;\r\n                  -webkit-transform: skewY(6deg);\r\n                  transform: skewY(6deg);\r\n                  -webkit-transform-origin: 100% 0;\r\n                  transform-origin: 100% 0;\r\n                }.td-single-image-style-3d-shadow .td_single_image_bg{\r\n                  z-index: 1;\r\n                }.td-single-image-style-round,\r\n                .td-single-image-style-round-border,\r\n                .td-single-image-style-round-outline,\r\n                .td-single-image-style-round-shadow,\r\n                .td-single-image-style-round-border-shadow,\r\n                .td-single-image-style-circle,\r\n                .td-single-image-style-circle-border,\r\n                .td-single-image-style-circle-outline,\r\n                .td-single-image-style-circle-shadow,\r\n                .td-single-image-style-circle-border-shadow{\r\n                  border-radius: 50%;\r\n                }.td-single-image-style-round .td_single_image_bg,\r\n                .td-single-image-style-round-border .td_single_image_bg,\r\n                .td-single-image-style-round-outline .td_single_image_bg,\r\n                .td-single-image-style-round-shadow .td_single_image_bg,\r\n                .td-single-image-style-round-border-shadow .td_single_image_bg,\r\n                .td-single-image-style-circle .td_single_image_bg,\r\n                .td-single-image-style-circle-border .td_single_image_bg,\r\n                .td-single-image-style-circle-outline .td_single_image_bg,\r\n                .td-single-image-style-circle-shadow .td_single_image_bg,\r\n                .td-single-image-style-circle-border-shadow .td_single_image_bg,\r\n                .td-single-image-style-round .td_single_image_bg:before,\r\n                .td-single-image-style-round-border .td_single_image_bg:before,\r\n                .td-single-image-style-round-outline .td_single_image_bg:before,\r\n                .td-single-image-style-round-shadow .td_single_image_bg:before,\r\n                .td-single-image-style-round-border-shadow .td_single_image_bg:before,\r\n                .td-single-image-style-circle .td_single_image_bg:before,\r\n                .td-single-image-style-circle-border .td_single_image_bg:before,\r\n                .td-single-image-style-circle-outline .td_single_image_bg:before,\r\n                .td-single-image-style-circle-shadow .td_single_image_bg:before,\r\n                .td-single-image-style-circle-border-shadow .td_single_image_bg:before,\r\n                .td-single-image-style-round .td_single_image_bg:after,\r\n                .td-single-image-style-round-border .td_single_image_bg:after,\r\n                .td-single-image-style-round-outline .td_single_image_bg:after,\r\n                .td-single-image-style-round-shadow .td_single_image_bg:after,\r\n                .td-single-image-style-round-border-shadow .td_single_image_bg:after,\r\n                .td-single-image-style-circle .td_single_image_bg:after,\r\n                .td-single-image-style-circle-border .td_single_image_bg:after,\r\n                .td-single-image-style-circle-outline .td_single_image_bg:after,\r\n                .td-single-image-style-circle-shadow .td_single_image_bg:after,\r\n                .td-single-image-style-circle-border-shadow .td_single_image_bg:after{\r\n                  border-radius: 50%;\r\n                }.td-single-image-style-round-outline .td_single_image_bg:before,\r\n                .td-single-image-style-round-border-shadow .td_single_image_bg:before,\r\n                .td-single-image-style-circle-outline .td_single_image_bg:before,\r\n                .td-single-image-style-circle-border-shadow .td_single_image_bg:before,\r\n                .td-single-image-style-round-outline .td_single_image_bg:before:before,\r\n                .td-single-image-style-round-border-shadow .td_single_image_bg:before:before,\r\n                .td-single-image-style-circle-outline .td_single_image_bg:before:before,\r\n                .td-single-image-style-circle-border-shadow .td_single_image_bg:before:before,\r\n                .td-single-image-style-round-outline .td_single_image_bg:after:before,\r\n                .td-single-image-style-round-border-shadow .td_single_image_bg:after:before,\r\n                .td-single-image-style-circle-outline .td_single_image_bg:after:before,\r\n                .td-single-image-style-circle-border-shadow .td_single_image_bg:after:before,\r\n                .td-single-image-style-round-outline .td_single_image_bg:after,\r\n                .td-single-image-style-round-border-shadow .td_single_image_bg:after,\r\n                .td-single-image-style-circle-outline .td_single_image_bg:after,\r\n                .td-single-image-style-circle-border-shadow .td_single_image_bg:after,\r\n                .td-single-image-style-round-outline .td_single_image_bg:before:after,\r\n                .td-single-image-style-round-border-shadow .td_single_image_bg:before:after,\r\n                .td-single-image-style-circle-outline .td_single_image_bg:before:after,\r\n                .td-single-image-style-circle-border-shadow .td_single_image_bg:before:after,\r\n                .td-single-image-style-round-outline .td_single_image_bg:after:after,\r\n                .td-single-image-style-round-border-shadow .td_single_image_bg:after:after,\r\n                .td-single-image-style-circle-outline .td_single_image_bg:after:after,\r\n                .td-single-image-style-circle-border-shadow .td_single_image_bg:after:after{\r\n                  border-radius: 50%;\r\n                }.td-single-image-style-circle .td_single_image_bg,\r\n                .td-single-image-style-circle-border .td_single_image_bg,\r\n                .td-single-image-style-circle-outline .td_single_image_bg,\r\n                .td-single-image-style-circle-shadow .td_single_image_bg,\r\n                .td-single-image-style-circle-border-shadow .td_single_image_bg{\r\n                  height: 0;\r\n                  padding-bottom: 100%;\r\n                }.vc_single_image .td_single_image_bg{\r\n                  width: 100%;\r\n                  display: block;\r\n                  background-size: cover;\r\n                }.tdi_15 .td_single_image_bg{\r\n\t\t\t\t\theight: 100px;\r\n\t\t\t\t\tpadding-bottom: 0;\r\n\t\t\t\t\r\n\t\t\t\tbackground-size: 100% auto;\r\n\t\t\t\t\r\n                background-repeat: no-repeat;\r\n\t\t\t\t\r\n                background-position: center top;\r\n\t\t\t\t}.tdi_15:hover .td_single_image_bg:before{\r\n                    opacity: 0;\r\n                }@media (max-width: 767px) {\r\n                  .td-stretch-content .td_block_single_image {\r\n                    margin-right: -20px;\r\n                    margin-left: -20px;\r\n                  }\r\n                }@media (max-width: 767px) {\r\n                  .td-single-image-style-border,\r\n                  .td-single-image-style-round-border,\r\n                  .td-single-image-style-circle-border,\r\n                  .td-single-image-style-outline,\r\n                  .td-single-image-style-bordered-shadow,\r\n                  .td-single-image-style-round-outline,\r\n                  .td-single-image-style-round-border-shadow,\r\n                  .td-single-image-style-circle-outline,\r\n                  .td-single-image-style-circle-border-shadow {\r\n                    margin-bottom: 32px;\r\n                  }\r\n                }\n\n\/* phone *\/\n@media (max-width: 767px){\n\/* custom css - generated by TagDiv Composer *\/\nbody .tdi_15{\r\n\t\t\t\t\twidth: 100%;\r\n\t\t\t\t}\n}\n<\/style><\/div><\/div><\/div><\/div><\/div><div class=\"vc_row_inner tdi_17  vc_row vc_inner wpb_row td-pb-row\" >\n<style scoped>\n\/* custom css - generated by TagDiv Composer *\/\n\n\/* custom css - generated by TagDiv Composer *\/\n\/* custom css - generated by TagDiv Composer *\/\n\r\n\r\n                \r\n                .tdi_17{\r\n                    position: relative !important;\r\n                    top: 0;\r\n                    transform: none;\r\n                    -webkit-transform: none;\r\n                }.tdi_17,\r\n\t\t\t\t.tdi_17 .tdc-inner-columns{\r\n\t\t\t\t    display: block;\r\n\t\t\t\t}.tdi_17 .tdc-inner-columns{\r\n\t\t\t\t    width: 100%;\r\n\t\t\t\t}@media (min-width: 768px) {\r\n\t                .tdi_17 {\r\n\t                    margin-left: -30px;\r\n\t                    margin-right: -30px;\r\n\t                }\r\n\t                .tdi_17 > .vc_column_inner,\r\n\t                .tdi_17 > .tdc-inner-columns > .vc_column_inner {\r\n\t                    padding-left: 30px;\r\n\t                    padding-right: 30px;\r\n\t                }\r\n                }\n\/* inline tdc_css att - generated by TagDiv Composer *\/\n\n\/* phone *\/\n@media (max-width: 767px)\n{\n.tdi_17{\nwidth:100% !important;\n}\n}\n\n<\/style><div class=\"vc_column_inner tdi_19  wpb_column vc_column_container tdc-inner-column td-pb-span6\">\n<style scoped>\n\/* custom css - generated by TagDiv Composer *\/\n\n\/* custom css - generated by TagDiv Composer *\/\n\/* custom css - generated by TagDiv Composer *\/\n.tdi_19{\r\n                    vertical-align: baseline;\r\n                }.tdi_19 .vc_column-inner > .wpb_wrapper,\r\n\t\t\t\t.tdi_19 .vc_column-inner > .wpb_wrapper .tdc-elements{\r\n\t\t\t\t    display: block;\r\n\t\t\t\t}.tdi_19 .vc_column-inner > .wpb_wrapper .tdc-elements{\r\n\t\t\t\t    width: 100%;\r\n\t\t\t\t}\n\n\/* phone *\/\n@media (max-width: 767px){\n\/* custom css - generated by TagDiv Composer *\/\n.tdi_19{\r\n                    vertical-align: top;\r\n                }\n}\n\/* inline tdc_css att - generated by TagDiv Composer *\/\n\n\/* phone *\/\n@media (max-width: 767px)\n{\n.tdi_19{\nwidth:100% !important;\n}\n}\n\n<\/style><div class=\"vc_column-inner\"><div class=\"wpb_wrapper\" ><div class=\"wpb_wrapper td_block_wrap vc_raw_html tdi_21 \">\n<style scoped>\n\/* custom css - generated by TagDiv Composer *\/\n\n\/* inline tdc_css att - generated by TagDiv Composer *\/\n\n\/* phone *\/\n@media (max-width: 767px)\n{\n.tdi_21{\nwidth:100% !important;\n}\n}\n\n<\/style><div class=\"td-fix-index\"><h1 class=\"sub-ola\">seja bem-vindo \u00e0 nossa ag\u00eancia de not\u00edcias.<\/h1>\n\n<\/div><\/div><div class=\"wpb_wrapper td_block_wrap vc_raw_html tdi_23 \">\n<style scoped>\n\/* custom css - generated by TagDiv Composer *\/\n\n\/* inline tdc_css att - generated by TagDiv Composer *\/\n\n\/* phone *\/\n@media (max-width: 767px)\n{\n.tdi_23{\nwidth:100% !important;\n}\n}\n\n<\/style><div class=\"td-fix-index\"><p class=\"text-ola\">Desde 1993 planejamos e implementamos solu\u00e7\u00f5es de comunica\u00e7\u00e3o, facilitando as rela\u00e7\u00f5es institucionais dos nossos clientes.<\/p><\/div><\/div><div class=\"wpb_wrapper td_block_wrap vc_raw_html tdi_25 \">\n<style scoped>\n\/* custom css - generated by TagDiv Composer *\/\n\n\/* inline tdc_css att - generated by TagDiv Composer *\/\n\n.tdi_25{\nmargin-bottom:0px !important;\n}\n\n<\/style><div class=\"td-fix-index\"><div class=\"teste-banner\">\n            <a href=\"\/contato\"><button>Solicitar contato<\/button><\/a>\n          <\/div>\n<style>\n.teste-banner button {\n    width: 26%;\n}\n<\/style><\/div><\/div><\/div><\/div><\/div><div class=\"vc_column_inner tdi_27  wpb_column vc_column_container tdc-inner-column td-pb-span6\">\n<style scoped>\n\/* custom css - generated by TagDiv Composer *\/\n\n\/* custom css - generated by TagDiv Composer *\/\n\/* custom css - generated by TagDiv Composer *\/\n.tdi_27{\r\n                    vertical-align: baseline;\r\n                }.tdi_27 .vc_column-inner > .wpb_wrapper,\r\n\t\t\t\t.tdi_27 .vc_column-inner > .wpb_wrapper .tdc-elements{\r\n\t\t\t\t    display: block;\r\n\t\t\t\t}.tdi_27 .vc_column-inner > .wpb_wrapper .tdc-elements{\r\n\t\t\t\t    width: 100%;\r\n\t\t\t\t}\n<\/style><div class=\"vc_column-inner\"><div class=\"wpb_wrapper\" ><div class=\"wpb_wrapper td_block_single_image td_block_wrap  td-animation-stack td_block_wrap vc_single_image tdi_28  td-single-image- td-pb-border-top td_block_template_1 \"  data-td-block-uid=\"tdi_28\"><span \r\n                            class=\"td_single_image_bg td-lazy-img\" \r\n                            data-type=\"css_image\" \r\n                            data-img-url=\"https:\/\/agenciaunicom.com.br\/blog\/wp-content\/uploads\/2024\/08\/Anuncio_site_UniCom_Celi.png\"  ><\/span>\n<style>\n\n\/* inline tdc_css att - generated by TagDiv Composer *\/\n\n\/* phone *\/\n@media (max-width: 767px)\n{\n.tdi_28{\nmargin-top:20px !important;\nmargin-left:3px !important;\n}\n}\n\n<\/style>\n<style>\n\/* custom css - generated by TagDiv Composer *\/\n\/* custom css - generated by TagDiv Composer *\/\n.tdi_28 .td_single_image_bg{\r\n\t\t\t\t\theight: 100px;\r\n\t\t\t\t\tpadding-bottom: 0;\r\n\t\t\t\t}.tdi_28 .td_single_image_bg{\r\n\t\t\t\tbackground-size: 100% auto;\r\n\t\t\t\t\r\n                background-repeat: no-repeat;\r\n\t\t\t\t\r\n                background-position: center top;\r\n\t\t\t\t}.tdi_28:hover .td_single_image_bg:before{\r\n                    opacity: 0;\r\n                }\n\n\/* phone *\/\n@media (max-width: 767px){\n\/* custom css - generated by TagDiv Composer *\/\nbody .tdi_28{\r\n\t\t\t\t\twidth: 100%;\r\n\t\t\t\t}\n}\n<\/style><\/div><div class=\"wpb_wrapper td_block_single_image td_block_wrap  td-animation-stack td_block_wrap vc_single_image tdi_29  td-single-image- td-pb-border-top td_block_template_1 \"  data-td-block-uid=\"tdi_29\"><span \r\n                            class=\"td_single_image_bg td-lazy-img\" \r\n                            data-type=\"css_image\" \r\n                            data-img-url=\"https:\/\/agenciaunicom.com.br\/blog\/wp-content\/uploads\/2024\/08\/Anuncio_site_UniCom_Anuncio.png\"  ><\/span>\n<style>\n\n\/* inline tdc_css att - generated by TagDiv Composer *\/\n\n\/* phone *\/\n@media (max-width: 767px)\n{\n.tdi_29{\nmargin-left:3px !important;\n}\n}\n\n<\/style>\n<style>\n\/* custom css - generated by TagDiv Composer *\/\n\/* custom css - generated by TagDiv Composer *\/\n.tdi_29 .td_single_image_bg{\r\n\t\t\t\t\theight: 100px;\r\n\t\t\t\t\tpadding-bottom: 0;\r\n\t\t\t\t}.tdi_29 .td_single_image_bg{\r\n\t\t\t\tbackground-size: 100% auto;\r\n\t\t\t\t\r\n                background-repeat: no-repeat;\r\n\t\t\t\t\r\n                background-position: center top;\r\n\t\t\t\t}.tdi_29:hover .td_single_image_bg:before{\r\n                    opacity: 0;\r\n                }\n\n\/* phone *\/\n@media (max-width: 767px){\n\/* custom css - generated by TagDiv Composer *\/\nbody .tdi_29{\r\n\t\t\t\t\twidth: 100%;\r\n\t\t\t\t}\n}\n<\/style><\/div><\/div><\/div><\/div><\/div><\/div><\/div><\/div><\/div><div id=\"tdi_30\" class=\"tdc-row stretch_row_1200 td-stretch-content\"><div class=\"vc_row tdi_31  wpb_row td-pb-row tdc-row-content-vert-center\" >\n<style scoped>\n\/* custom css - generated by TagDiv Composer *\/\n\n\/* custom css - generated by TagDiv Composer *\/\n\/* custom css - generated by TagDiv Composer *\/\n.tdi_31,\r\n                .tdi_31 .tdc-columns{\r\n                    min-height: 0;\r\n                }#tdi_30.tdc-row[class*='stretch_row'] > .td-pb-row > .td-element-style,\r\n                #tdi_30.tdc-row[class*='stretch_row'] > .td-pb-row > .tdc-video-outer-wrapper{\r\n                    width: 100% !important;\r\n                }.tdi_31,\r\n\t\t\t\t.tdi_31 .tdc-columns{\r\n\t\t\t\t    display: block;\r\n\t\t\t\t}.tdi_31 .tdc-columns{\r\n\t\t\t\t    width: 100%;\r\n\t\t\t\t}@media (min-width: 767px) {\r\n                    .tdi_31.tdc-row-content-vert-center,\r\n                    .tdi_31.tdc-row-content-vert-center .tdc-columns {\r\n                        display: flex;\r\n                        align-items: center;\r\n                        flex: 1;\r\n                    }\r\n                    .tdi_31.tdc-row-content-vert-bottom,\r\n                    .tdi_31.tdc-row-content-vert-bottom .tdc-columns {\r\n                        display: flex;\r\n                        align-items: flex-end;\r\n                        flex: 1;\r\n                    }\r\n                    .tdi_31.tdc-row-content-vert-center .td_block_wrap {\r\n                        vertical-align: middle;\r\n                    }\r\n                    .tdi_31.tdc-row-content-vert-bottom .td_block_wrap {\r\n                        vertical-align: bottom;\r\n                    }\r\n                }\n\/* inline tdc_css att - generated by TagDiv Composer *\/\n\n.tdi_31{\nmargin-bottom:30px !important;\n}\n\n.tdi_31 .td_block_wrap{ text-align:left }\n\n<\/style><div class=\"vc_column tdi_33  wpb_column vc_column_container tdc-column td-pb-span12\">\n<style scoped>\n\/* custom css - generated by TagDiv Composer *\/\n\n\/* custom css - generated by TagDiv Composer *\/\n\/* custom css - generated by TagDiv Composer *\/\n.tdi_33{\r\n                    vertical-align: baseline;\r\n                }.tdi_33 > .wpb_wrapper,\r\n\t\t\t\t.tdi_33 > .wpb_wrapper > .tdc-elements{\r\n\t\t\t\t    display: block;\r\n\t\t\t\t}.tdi_33 > .wpb_wrapper > .tdc-elements{\r\n\t\t\t\t    width: 100%;\r\n\t\t\t\t}.tdi_33 > .wpb_wrapper > .vc_row_inner{\r\n\t\t\t\t    width: auto;\r\n\t\t\t\t}.tdi_33 > .wpb_wrapper{\r\n\t\t\t\t    width: auto;\r\n\t\t\t\t    height: auto;\r\n\t\t\t\t}\n\/* inline tdc_css att - generated by TagDiv Composer *\/\n\n.tdi_33{\nmargin-bottom:30px !important;\nborder-style:solid !important;\nborder-color:#888888 !important;\nborder-width: 0px 0px 30px 0px !important;\n}\n\n<\/style><div class=\"wpb_wrapper\" ><div class=\"td_block_wrap td_block_14 tdi_34 td-pb-full-cell td_with_ajax_pagination td-pb-border-top td_block_template_11 td-column-3\"  data-td-block-uid=\"tdi_34\" >\n<style>\n\n\/* inline tdc_css att - generated by TagDiv Composer *\/\n\n.tdi_34{\nmargin-top:30px !important;\n}\n\n<\/style>\n<style>\n\/* custom css - generated by TagDiv Composer *\/\n\/* custom css - generated by TagDiv Composer *\/\n\n<\/style><script>var block_tdi_34 = new tdBlock();\nblock_tdi_34.id = \"tdi_34\";\nblock_tdi_34.atts = '{\"block_template_id\":\"td_block_template_11\",\"ajax_pagination\":\"next_prev\",\"td_filter_default_txt\":\"Todos\",\"limit\":\"30\",\"mx1_tl\":\"30\",\"tdc_css\":\"eyJhbGwiOnsibWFyZ2luLXRvcCI6IjMwIiwiZGlzcGxheSI6IiJ9fQ==\",\"block_type\":\"td_block_14\",\"separator\":\"\",\"custom_title\":\"\",\"custom_url\":\"\",\"post_ids\":\"\",\"category_id\":\"\",\"taxonomies\":\"\",\"category_ids\":\"\",\"in_all_terms\":\"\",\"tag_slug\":\"\",\"autors_id\":\"\",\"installed_post_types\":\"\",\"include_cf_posts\":\"\",\"exclude_cf_posts\":\"\",\"sort\":\"\",\"popular_by_date\":\"\",\"linked_posts\":\"\",\"favourite_only\":\"\",\"offset\":\"\",\"open_in_new_window\":\"\",\"show_modified_date\":\"\",\"time_ago\":\"\",\"time_ago_add_txt\":\"ago\",\"time_ago_txt_pos\":\"\",\"review_source\":\"\",\"el_class\":\"\",\"td_ajax_filter_type\":\"\",\"td_ajax_filter_ids\":\"\",\"td_ajax_preloading\":\"\",\"f_header_font_header\":\"\",\"f_header_font_title\":\"Block header\",\"f_header_font_settings\":\"\",\"f_header_font_family\":\"\",\"f_header_font_size\":\"\",\"f_header_font_line_height\":\"\",\"f_header_font_style\":\"\",\"f_header_font_weight\":\"\",\"f_header_font_transform\":\"\",\"f_header_font_spacing\":\"\",\"f_header_\":\"\",\"f_ajax_font_title\":\"Ajax categories\",\"f_ajax_font_settings\":\"\",\"f_ajax_font_family\":\"\",\"f_ajax_font_size\":\"\",\"f_ajax_font_line_height\":\"\",\"f_ajax_font_style\":\"\",\"f_ajax_font_weight\":\"\",\"f_ajax_font_transform\":\"\",\"f_ajax_font_spacing\":\"\",\"f_ajax_\":\"\",\"f_more_font_title\":\"Load more button\",\"f_more_font_settings\":\"\",\"f_more_font_family\":\"\",\"f_more_font_size\":\"\",\"f_more_font_line_height\":\"\",\"f_more_font_style\":\"\",\"f_more_font_weight\":\"\",\"f_more_font_transform\":\"\",\"f_more_font_spacing\":\"\",\"f_more_\":\"\",\"mx1f_title_font_header\":\"\",\"mx1f_title_font_title\":\"Article title\",\"mx1f_title_font_settings\":\"\",\"mx1f_title_font_family\":\"\",\"mx1f_title_font_size\":\"\",\"mx1f_title_font_line_height\":\"\",\"mx1f_title_font_style\":\"\",\"mx1f_title_font_weight\":\"\",\"mx1f_title_font_transform\":\"\",\"mx1f_title_font_spacing\":\"\",\"mx1f_title_\":\"\",\"mx1f_cat_font_title\":\"Article category tag\",\"mx1f_cat_font_settings\":\"\",\"mx1f_cat_font_family\":\"\",\"mx1f_cat_font_size\":\"\",\"mx1f_cat_font_line_height\":\"\",\"mx1f_cat_font_style\":\"\",\"mx1f_cat_font_weight\":\"\",\"mx1f_cat_font_transform\":\"\",\"mx1f_cat_font_spacing\":\"\",\"mx1f_cat_\":\"\",\"mx1f_meta_font_title\":\"Article meta info\",\"mx1f_meta_font_settings\":\"\",\"mx1f_meta_font_family\":\"\",\"mx1f_meta_font_size\":\"\",\"mx1f_meta_font_line_height\":\"\",\"mx1f_meta_font_style\":\"\",\"mx1f_meta_font_weight\":\"\",\"mx1f_meta_font_transform\":\"\",\"mx1f_meta_font_spacing\":\"\",\"mx1f_meta_\":\"\",\"ajax_pagination_next_prev_swipe\":\"\",\"ajax_pagination_infinite_stop\":\"\",\"css\":\"\",\"td_column_number\":3,\"header_color\":\"\",\"color_preset\":\"\",\"border_top\":\"\",\"class\":\"tdi_34\",\"tdc_css_class\":\"tdi_34\",\"tdc_css_class_style\":\"tdi_34_rand_style\"}';\nblock_tdi_34.td_column_number = \"3\";\nblock_tdi_34.block_type = \"td_block_14\";\nblock_tdi_34.post_count = \"30\";\nblock_tdi_34.found_posts = \"143\";\nblock_tdi_34.header_color = \"\";\nblock_tdi_34.ajax_pagination_infinite_stop = \"\";\nblock_tdi_34.max_num_pages = \"5\";\ntdBlocksArray.push(block_tdi_34);\n<\/script><div class=\"td-block-title-wrap\"><\/div><div id=tdi_34 class=\"td_block_inner td-column-3\">\n\n\t<div class=\"td-block-row\">\n\n\t<div class=\"td-block-span4\">\n\r\n        <div class=\"td_module_mx1 td_module_wrap td-animation-stack\">\r\n            <div class=\"td-module-thumb\"><a href=\"https:\/\/agenciaunicom.com.br\/blog\/deso-e-destaque-nacional-em-engajamento-digital-no-ranking-social-media-gov\/\"  rel=\"bookmark\" class=\"td-image-wrap \" title=\"Deso \u00e9 destaque nacional em engajamento digital no ranking Social MedIA Gov\" ><img loading=\"lazy\" decoding=\"async\" class=\"entry-thumb\" src=\"data:image\/png;base64,iVBORw0KGgoAAAANSUhEUgAAAWQAAADcAQMAAAB9O0nPAAAAA1BMVEWurq51dlI4AAAAAXRSTlMmkutdmwAAACBJREFUaN7twTEBAAAAwiD7p7bDbmAAAAAAAAAAAABAdieIAAGQh2mWAAAAAElFTkSuQmCC\" alt=\"\" title=\"Deso \u00e9 destaque nacional em engajamento digital no ranking Social MedIA Gov\" data-type=\"image_tag\" data-img-url=\"https:\/\/agenciaunicom.com.br\/blog\/wp-content\/uploads\/2026\/03\/foto-deso-informe-2-mar-356x220.jpeg\"  width=\"356\" height=\"220\" \/><\/a><\/div>\r\n            <div class=\"td-module-meta-info\">\r\n                <h3 class=\"entry-title td-module-title\"><a href=\"https:\/\/agenciaunicom.com.br\/blog\/deso-e-destaque-nacional-em-engajamento-digital-no-ranking-social-media-gov\/\"  rel=\"bookmark\" title=\"Deso \u00e9 destaque nacional em engajamento digital no ranking Social MedIA Gov\">Deso \u00e9 destaque nacional em engajamento digital no ranking Social MedIA Gov<\/a><\/h3>                <div class=\"td-editor-date\">\r\n                                        <span class=\"td-author-date\">\r\n                                                <span class=\"td-post-date\"><time class=\"entry-date updated td-module-date\" datetime=\"2026-03-18T17:34:05+00:00\" >mar\u00e7o 18, 2026<\/time><\/span>                    <\/span>\r\n                <\/div>\r\n            <\/div>\r\n\r\n        <\/div>\r\n\r\n        \n\t<\/div> <!-- .\/td-block-span4 -->\n\n\t<div class=\"td-block-span4\">\n\r\n        <div class=\"td_module_mx1 td_module_wrap td-animation-stack\">\r\n            <div class=\"td-module-thumb\"><a href=\"https:\/\/agenciaunicom.com.br\/blog\/deso-participa-da-68a-edicao-do-programa-sergipe-e-aqui-em-santa-luzia-do-itanhy\/\"  rel=\"bookmark\" class=\"td-image-wrap \" title=\"Deso participa da 68\u00aa edi\u00e7\u00e3o do programa Sergipe \u00e9 aqui em Santa Luzia do Itanhy\" ><img loading=\"lazy\" decoding=\"async\" class=\"entry-thumb\" src=\"data:image\/png;base64,iVBORw0KGgoAAAANSUhEUgAAAWQAAADcAQMAAAB9O0nPAAAAA1BMVEWurq51dlI4AAAAAXRSTlMmkutdmwAAACBJREFUaN7twTEBAAAAwiD7p7bDbmAAAAAAAAAAAABAdieIAAGQh2mWAAAAAElFTkSuQmCC\" alt=\"\" title=\"Deso participa da 68\u00aa edi\u00e7\u00e3o do programa Sergipe \u00e9 aqui em Santa Luzia do Itanhy\" data-type=\"image_tag\" data-img-url=\"https:\/\/agenciaunicom.com.br\/blog\/wp-content\/uploads\/2026\/03\/foto-deso-informe-1-mar-356x220.jpeg\"  width=\"356\" height=\"220\" \/><\/a><\/div>\r\n            <div class=\"td-module-meta-info\">\r\n                <h3 class=\"entry-title td-module-title\"><a href=\"https:\/\/agenciaunicom.com.br\/blog\/deso-participa-da-68a-edicao-do-programa-sergipe-e-aqui-em-santa-luzia-do-itanhy\/\"  rel=\"bookmark\" title=\"Deso participa da 68\u00aa edi\u00e7\u00e3o do programa Sergipe \u00e9 aqui em Santa Luzia do Itanhy\">Deso participa da 68\u00aa edi\u00e7\u00e3o do programa Sergipe \u00e9 aqui em Santa Luzia do Itanhy<\/a><\/h3>                <div class=\"td-editor-date\">\r\n                                        <span class=\"td-author-date\">\r\n                                                <span class=\"td-post-date\"><time class=\"entry-date updated td-module-date\" datetime=\"2026-03-10T14:09:37+00:00\" >mar\u00e7o 10, 2026<\/time><\/span>                    <\/span>\r\n                <\/div>\r\n            <\/div>\r\n\r\n        <\/div>\r\n\r\n        \n\t<\/div> <!-- .\/td-block-span4 -->\n\n\t<div class=\"td-block-span4\">\n\r\n        <div class=\"td_module_mx1 td_module_wrap td-animation-stack\">\r\n            <div class=\"td-module-thumb\"><a href=\"https:\/\/agenciaunicom.com.br\/blog\/deso-reforcou-sistema-de-producao-de-agua-em-pirambu-e-garantiu-seguranca-hidrica-no-carnaval\/\"  rel=\"bookmark\" class=\"td-image-wrap \" title=\"Deso refor\u00e7ou sistema de produ\u00e7\u00e3o de \u00e1gua em Pirambu e garantiu seguran\u00e7a h\u00eddrica no Carnaval\" ><img loading=\"lazy\" decoding=\"async\" class=\"entry-thumb\" src=\"data:image\/png;base64,iVBORw0KGgoAAAANSUhEUgAAAWQAAADcAQMAAAB9O0nPAAAAA1BMVEWurq51dlI4AAAAAXRSTlMmkutdmwAAACBJREFUaN7twTEBAAAAwiD7p7bDbmAAAAAAAAAAAABAdieIAAGQh2mWAAAAAElFTkSuQmCC\" alt=\"\" title=\"Deso refor\u00e7ou sistema de produ\u00e7\u00e3o de \u00e1gua em Pirambu e garantiu seguran\u00e7a h\u00eddrica no Carnaval\" data-type=\"image_tag\" data-img-url=\"https:\/\/agenciaunicom.com.br\/blog\/wp-content\/uploads\/2026\/03\/foto-deso-informe-5-356x220.jpeg\"  width=\"356\" height=\"220\" \/><\/a><\/div>\r\n            <div class=\"td-module-meta-info\">\r\n                <h3 class=\"entry-title td-module-title\"><a href=\"https:\/\/agenciaunicom.com.br\/blog\/deso-reforcou-sistema-de-producao-de-agua-em-pirambu-e-garantiu-seguranca-hidrica-no-carnaval\/\"  rel=\"bookmark\" title=\"Deso refor\u00e7ou sistema de produ\u00e7\u00e3o de \u00e1gua em Pirambu e garantiu seguran\u00e7a h\u00eddrica no Carnaval\">Deso refor\u00e7ou sistema de produ\u00e7\u00e3o de \u00e1gua em Pirambu e garantiu seguran\u00e7a h\u00eddrica no Carnaval<\/a><\/h3>                <div class=\"td-editor-date\">\r\n                                        <span class=\"td-author-date\">\r\n                                                <span class=\"td-post-date\"><time class=\"entry-date updated td-module-date\" datetime=\"2026-02-24T13:07:53+00:00\" >fevereiro 24, 2026<\/time><\/span>                    <\/span>\r\n                <\/div>\r\n            <\/div>\r\n\r\n        <\/div>\r\n\r\n        \n\t<\/div> <!-- .\/td-block-span4 --><\/div><!--.\/row-fluid-->\n\n\t<div class=\"td-block-row\">\n\n\t<div class=\"td-block-span4\">\n\r\n        <div class=\"td_module_mx1 td_module_wrap td-animation-stack\">\r\n            <div class=\"td-module-thumb\"><a href=\"https:\/\/agenciaunicom.com.br\/blog\/deso-lanca-novo-site-com-foco-no-cidadao-e-modernizacao-dos-servicos\/\"  rel=\"bookmark\" class=\"td-image-wrap \" title=\"Deso lan\u00e7a novo site com foco no cidad\u00e3o e moderniza\u00e7\u00e3o dos servi\u00e7os\" ><img loading=\"lazy\" decoding=\"async\" class=\"entry-thumb\" src=\"data:image\/png;base64,iVBORw0KGgoAAAANSUhEUgAAAWQAAADcAQMAAAB9O0nPAAAAA1BMVEWurq51dlI4AAAAAXRSTlMmkutdmwAAACBJREFUaN7twTEBAAAAwiD7p7bDbmAAAAAAAAAAAABAdieIAAGQh2mWAAAAAElFTkSuQmCC\" alt=\"\" title=\"Deso lan\u00e7a novo site com foco no cidad\u00e3o e moderniza\u00e7\u00e3o dos servi\u00e7os\" data-type=\"image_tag\" data-img-url=\"https:\/\/agenciaunicom.com.br\/blog\/wp-content\/uploads\/2026\/02\/foto-deso-informe-4-356x220.jpeg\"  width=\"356\" height=\"220\" \/><\/a><\/div>\r\n            <div class=\"td-module-meta-info\">\r\n                <h3 class=\"entry-title td-module-title\"><a href=\"https:\/\/agenciaunicom.com.br\/blog\/deso-lanca-novo-site-com-foco-no-cidadao-e-modernizacao-dos-servicos\/\"  rel=\"bookmark\" title=\"Deso lan\u00e7a novo site com foco no cidad\u00e3o e moderniza\u00e7\u00e3o dos servi\u00e7os\">Deso lan\u00e7a novo site com foco no cidad\u00e3o e moderniza\u00e7\u00e3o dos servi\u00e7os<\/a><\/h3>                <div class=\"td-editor-date\">\r\n                                        <span class=\"td-author-date\">\r\n                                                <span class=\"td-post-date\"><time class=\"entry-date updated td-module-date\" datetime=\"2026-02-12T15:02:46+00:00\" >fevereiro 12, 2026<\/time><\/span>                    <\/span>\r\n                <\/div>\r\n            <\/div>\r\n\r\n        <\/div>\r\n\r\n        \n\t<\/div> <!-- .\/td-block-span4 -->\n\n\t<div class=\"td-block-span4\">\n\r\n        <div class=\"td_module_mx1 td_module_wrap td-animation-stack\">\r\n            <div class=\"td-module-thumb\"><a href=\"https:\/\/agenciaunicom.com.br\/blog\/cedae-realiza-visita-tecnica-a-deso-para-conhecer-praticas-de-gestao-da-qualidade-e-excelencia-operacional\/\"  rel=\"bookmark\" class=\"td-image-wrap \" title=\"Cedae realiza visita t\u00e9cnica \u00e0 Deso para conhecer pr\u00e1ticas de gest\u00e3o da qualidade e excel\u00eancia operacional\" ><img loading=\"lazy\" decoding=\"async\" class=\"entry-thumb\" src=\"data:image\/png;base64,iVBORw0KGgoAAAANSUhEUgAAAWQAAADcAQMAAAB9O0nPAAAAA1BMVEWurq51dlI4AAAAAXRSTlMmkutdmwAAACBJREFUaN7twTEBAAAAwiD7p7bDbmAAAAAAAAAAAABAdieIAAGQh2mWAAAAAElFTkSuQmCC\" alt=\"\" title=\"Cedae realiza visita t\u00e9cnica \u00e0 Deso para conhecer pr\u00e1ticas de gest\u00e3o da qualidade e excel\u00eancia operacional\" data-type=\"image_tag\" data-img-url=\"https:\/\/agenciaunicom.com.br\/blog\/wp-content\/uploads\/2026\/02\/foto-deso-informe-3-356x220.jpeg\"  width=\"356\" height=\"220\" \/><\/a><\/div>\r\n            <div class=\"td-module-meta-info\">\r\n                <h3 class=\"entry-title td-module-title\"><a href=\"https:\/\/agenciaunicom.com.br\/blog\/cedae-realiza-visita-tecnica-a-deso-para-conhecer-praticas-de-gestao-da-qualidade-e-excelencia-operacional\/\"  rel=\"bookmark\" title=\"Cedae realiza visita t\u00e9cnica \u00e0 Deso para conhecer pr\u00e1ticas de gest\u00e3o da qualidade e excel\u00eancia operacional\">Cedae realiza visita t\u00e9cnica \u00e0 Deso para conhecer pr\u00e1ticas de gest\u00e3o da qualidade e excel\u00eancia operacional<\/a><\/h3>                <div class=\"td-editor-date\">\r\n                                        <span class=\"td-author-date\">\r\n                                                <span class=\"td-post-date\"><time class=\"entry-date updated td-module-date\" datetime=\"2026-02-12T14:44:32+00:00\" >fevereiro 12, 2026<\/time><\/span>                    <\/span>\r\n                <\/div>\r\n            <\/div>\r\n\r\n        <\/div>\r\n\r\n        \n\t<\/div> <!-- .\/td-block-span4 -->\n\n\t<div class=\"td-block-span4\">\n\r\n        <div class=\"td_module_mx1 td_module_wrap td-animation-stack\">\r\n            <div class=\"td-module-thumb\"><a href=\"https:\/\/agenciaunicom.com.br\/blog\/deso-leva-educacao-ambiental-e-acoes-sustentaveis-a-67a-edicao-do-sergipe-e-aqui-em-malhada-dos-bois\/\"  rel=\"bookmark\" class=\"td-image-wrap \" title=\"Deso leva educa\u00e7\u00e3o ambiental e a\u00e7\u00f5es sustent\u00e1veis \u00e0 67\u00aa edi\u00e7\u00e3o do Sergipe \u00e9 Aqui em Malhada dos Bois\" ><img loading=\"lazy\" decoding=\"async\" class=\"entry-thumb\" src=\"data:image\/png;base64,iVBORw0KGgoAAAANSUhEUgAAAWQAAADcAQMAAAB9O0nPAAAAA1BMVEWurq51dlI4AAAAAXRSTlMmkutdmwAAACBJREFUaN7twTEBAAAAwiD7p7bDbmAAAAAAAAAAAABAdieIAAGQh2mWAAAAAElFTkSuQmCC\" alt=\"\" title=\"Deso leva educa\u00e7\u00e3o ambiental e a\u00e7\u00f5es sustent\u00e1veis \u00e0 67\u00aa edi\u00e7\u00e3o do Sergipe \u00e9 Aqui em Malhada dos Bois\" data-type=\"image_tag\" data-img-url=\"https:\/\/agenciaunicom.com.br\/blog\/wp-content\/uploads\/2026\/02\/foto-deso-informe-2-356x220.jpeg\"  width=\"356\" height=\"220\" \/><\/a><\/div>\r\n            <div class=\"td-module-meta-info\">\r\n                <h3 class=\"entry-title td-module-title\"><a href=\"https:\/\/agenciaunicom.com.br\/blog\/deso-leva-educacao-ambiental-e-acoes-sustentaveis-a-67a-edicao-do-sergipe-e-aqui-em-malhada-dos-bois\/\"  rel=\"bookmark\" title=\"Deso leva educa\u00e7\u00e3o ambiental e a\u00e7\u00f5es sustent\u00e1veis \u00e0 67\u00aa edi\u00e7\u00e3o do Sergipe \u00e9 Aqui em Malhada dos Bois\">Deso leva educa\u00e7\u00e3o ambiental e a\u00e7\u00f5es sustent\u00e1veis \u00e0 67\u00aa edi\u00e7\u00e3o do Sergipe \u00e9 Aqui em Malhada dos Bois<\/a><\/h3>                <div class=\"td-editor-date\">\r\n                                        <span class=\"td-author-date\">\r\n                                                <span class=\"td-post-date\"><time class=\"entry-date updated td-module-date\" datetime=\"2026-02-12T14:38:19+00:00\" >fevereiro 12, 2026<\/time><\/span>                    <\/span>\r\n                <\/div>\r\n            <\/div>\r\n\r\n        <\/div>\r\n\r\n        \n\t<\/div> <!-- .\/td-block-span4 --><\/div><!--.\/row-fluid-->\n\n\t<div class=\"td-block-row\">\n\n\t<div class=\"td-block-span4\">\n\r\n        <div class=\"td_module_mx1 td_module_wrap td-animation-stack\">\r\n            <div class=\"td-module-thumb\"><a href=\"https:\/\/agenciaunicom.com.br\/blog\/deso-assina-contrato-de-fornecimento-de-agua-bruta-para-a-fafen-e-fortalece-retomada-industrial-em-sergipe\/\"  rel=\"bookmark\" class=\"td-image-wrap \" title=\"Deso assina contrato de fornecimento de \u00e1gua bruta para a Fafen e fortalece retomada industrial em Sergipe\" ><img loading=\"lazy\" decoding=\"async\" class=\"entry-thumb\" src=\"data:image\/png;base64,iVBORw0KGgoAAAANSUhEUgAAAWQAAADcAQMAAAB9O0nPAAAAA1BMVEWurq51dlI4AAAAAXRSTlMmkutdmwAAACBJREFUaN7twTEBAAAAwiD7p7bDbmAAAAAAAAAAAABAdieIAAGQh2mWAAAAAElFTkSuQmCC\" alt=\"\" title=\"Deso assina contrato de fornecimento de \u00e1gua bruta para a Fafen e fortalece retomada industrial em Sergipe\" data-type=\"image_tag\" data-img-url=\"https:\/\/agenciaunicom.com.br\/blog\/wp-content\/uploads\/2026\/02\/foto-deso-informe-1-356x220.jpeg\"  width=\"356\" height=\"220\" \/><\/a><\/div>\r\n            <div class=\"td-module-meta-info\">\r\n                <h3 class=\"entry-title td-module-title\"><a href=\"https:\/\/agenciaunicom.com.br\/blog\/deso-assina-contrato-de-fornecimento-de-agua-bruta-para-a-fafen-e-fortalece-retomada-industrial-em-sergipe\/\"  rel=\"bookmark\" title=\"Deso assina contrato de fornecimento de \u00e1gua bruta para a Fafen e fortalece retomada industrial em Sergipe\">Deso assina contrato de fornecimento de \u00e1gua bruta para a Fafen e fortalece retomada industrial em Sergipe<\/a><\/h3>                <div class=\"td-editor-date\">\r\n                                        <span class=\"td-author-date\">\r\n                                                <span class=\"td-post-date\"><time class=\"entry-date updated td-module-date\" datetime=\"2026-02-06T14:39:24+00:00\" >fevereiro 6, 2026<\/time><\/span>                    <\/span>\r\n                <\/div>\r\n            <\/div>\r\n\r\n        <\/div>\r\n\r\n        \n\t<\/div> <!-- .\/td-block-span4 -->\n\n\t<div class=\"td-block-span4\">\n\r\n        <div class=\"td_module_mx1 td_module_wrap td-animation-stack\">\r\n            <div class=\"td-module-thumb\"><a href=\"https:\/\/agenciaunicom.com.br\/blog\/28-milhoes-de-brasileiros-ainda-nao-usam-a-internet\/\"  rel=\"bookmark\" class=\"td-image-wrap \" title=\"28 milh\u00f5es de brasileiros ainda n\u00e3o usam a internet\" ><img loading=\"lazy\" decoding=\"async\" class=\"entry-thumb\" src=\"data:image\/png;base64,iVBORw0KGgoAAAANSUhEUgAAAWQAAADcAQMAAAB9O0nPAAAAA1BMVEWurq51dlI4AAAAAXRSTlMmkutdmwAAACBJREFUaN7twTEBAAAAwiD7p7bDbmAAAAAAAAAAAABAdieIAAGQh2mWAAAAAElFTkSuQmCC\" alt=\"\" title=\"28 milh\u00f5es de brasileiros ainda n\u00e3o usam a internet\" data-type=\"image_tag\" data-img-url=\"https:\/\/agenciaunicom.com.br\/blog\/wp-content\/uploads\/2026\/01\/Internet-brasil-356x220.jpg\"  width=\"356\" height=\"220\" \/><\/a><\/div>\r\n            <div class=\"td-module-meta-info\">\r\n                <h3 class=\"entry-title td-module-title\"><a href=\"https:\/\/agenciaunicom.com.br\/blog\/28-milhoes-de-brasileiros-ainda-nao-usam-a-internet\/\"  rel=\"bookmark\" title=\"28 milh\u00f5es de brasileiros ainda n\u00e3o usam a internet\">28 milh\u00f5es de brasileiros ainda n\u00e3o usam a internet<\/a><\/h3>                <div class=\"td-editor-date\">\r\n                                        <span class=\"td-author-date\">\r\n                                                <span class=\"td-post-date\"><time class=\"entry-date updated td-module-date\" datetime=\"2026-01-11T13:51:17+00:00\" >janeiro 11, 2026<\/time><\/span>                    <\/span>\r\n                <\/div>\r\n            <\/div>\r\n\r\n        <\/div>\r\n\r\n        \n\t<\/div> <!-- .\/td-block-span4 -->\n\n\t<div class=\"td-block-span4\">\n\r\n        <div class=\"td_module_mx1 td_module_wrap td-animation-stack\">\r\n            <div class=\"td-module-thumb\"><a href=\"https:\/\/agenciaunicom.com.br\/blog\/onde-sergipe-vive-a-alese-esta-presenca-que-escuta-acao-que-transforma\/\"  rel=\"bookmark\" class=\"td-image-wrap \" title=\"ONDE SERGIPE VIVE, A ALESE EST\u00c1. Presen\u00e7a que escuta. A\u00e7\u00e3o que transforma.\" ><img loading=\"lazy\" decoding=\"async\" class=\"entry-thumb\" src=\"data:image\/png;base64,iVBORw0KGgoAAAANSUhEUgAAAWQAAADcAQMAAAB9O0nPAAAAA1BMVEWurq51dlI4AAAAAXRSTlMmkutdmwAAACBJREFUaN7twTEBAAAAwiD7p7bDbmAAAAAAAAAAAABAdieIAAGQh2mWAAAAAElFTkSuQmCC\" alt=\"\" title=\"ONDE SERGIPE VIVE, A ALESE EST\u00c1. Presen\u00e7a que escuta. A\u00e7\u00e3o que transforma.\" data-type=\"image_tag\" data-img-url=\"https:\/\/agenciaunicom.com.br\/blog\/wp-content\/uploads\/2026\/01\/Banner_Publiceditorial-356x220.jpg\"  width=\"356\" height=\"220\" \/><\/a><\/div>\r\n            <div class=\"td-module-meta-info\">\r\n                <h3 class=\"entry-title td-module-title\"><a href=\"https:\/\/agenciaunicom.com.br\/blog\/onde-sergipe-vive-a-alese-esta-presenca-que-escuta-acao-que-transforma\/\"  rel=\"bookmark\" title=\"ONDE SERGIPE VIVE, A ALESE EST\u00c1. Presen\u00e7a que escuta. A\u00e7\u00e3o que transforma.\">ONDE SERGIPE VIVE, A ALESE EST\u00c1. Presen\u00e7a que escuta. A\u00e7\u00e3o que transforma.<\/a><\/h3>                <div class=\"td-editor-date\">\r\n                                        <span class=\"td-author-date\">\r\n                                                <span class=\"td-post-date\"><time class=\"entry-date updated td-module-date\" datetime=\"2026-01-10T02:18:14+00:00\" >janeiro 10, 2026<\/time><\/span>                    <\/span>\r\n                <\/div>\r\n            <\/div>\r\n\r\n        <\/div>\r\n\r\n        \n\t<\/div> <!-- .\/td-block-span4 --><\/div><!--.\/row-fluid-->\n\n\t<div class=\"td-block-row\">\n\n\t<div class=\"td-block-span4\">\n\r\n        <div class=\"td_module_mx1 td_module_wrap td-animation-stack\">\r\n            <div class=\"td-module-thumb\"><a href=\"https:\/\/agenciaunicom.com.br\/blog\/deso-promove-curso-sobre-metodo-nao-destrutivo-para-capacitacao-tecnica\/\"  rel=\"bookmark\" class=\"td-image-wrap \" title=\"Deso promove curso sobre M\u00e9todo N\u00e3o Destrutivo para capacita\u00e7\u00e3o t\u00e9cnica\" ><img loading=\"lazy\" decoding=\"async\" class=\"entry-thumb\" src=\"data:image\/png;base64,iVBORw0KGgoAAAANSUhEUgAAAWQAAADcAQMAAAB9O0nPAAAAA1BMVEWurq51dlI4AAAAAXRSTlMmkutdmwAAACBJREFUaN7twTEBAAAAwiD7p7bDbmAAAAAAAAAAAABAdieIAAGQh2mWAAAAAElFTkSuQmCC\" alt=\"\" title=\"Deso promove curso sobre M\u00e9todo N\u00e3o Destrutivo para capacita\u00e7\u00e3o t\u00e9cnica\" data-type=\"image_tag\" data-img-url=\"https:\/\/agenciaunicom.com.br\/blog\/wp-content\/uploads\/2025\/12\/foto-informe-4-356x220.jpeg\"  width=\"356\" height=\"220\" \/><\/a><\/div>\r\n            <div class=\"td-module-meta-info\">\r\n                <h3 class=\"entry-title td-module-title\"><a href=\"https:\/\/agenciaunicom.com.br\/blog\/deso-promove-curso-sobre-metodo-nao-destrutivo-para-capacitacao-tecnica\/\"  rel=\"bookmark\" title=\"Deso promove curso sobre M\u00e9todo N\u00e3o Destrutivo para capacita\u00e7\u00e3o t\u00e9cnica\">Deso promove curso sobre M\u00e9todo N\u00e3o Destrutivo para capacita\u00e7\u00e3o t\u00e9cnica<\/a><\/h3>                <div class=\"td-editor-date\">\r\n                                        <span class=\"td-author-date\">\r\n                                                <span class=\"td-post-date\"><time class=\"entry-date updated td-module-date\" datetime=\"2025-12-16T19:47:41+00:00\" >dezembro 16, 2025<\/time><\/span>                    <\/span>\r\n                <\/div>\r\n            <\/div>\r\n\r\n        <\/div>\r\n\r\n        \n\t<\/div> <!-- .\/td-block-span4 -->\n\n\t<div class=\"td-block-span4\">\n\r\n        <div class=\"td_module_mx1 td_module_wrap td-animation-stack\">\r\n            <div class=\"td-module-thumb\"><a href=\"https:\/\/agenciaunicom.com.br\/blog\/deso-tem-cinco-projetos-reconhecidos-com-o-selo-iniciativas-sustentaveis-do-tribunal-de-contas-de-sergipe\/\"  rel=\"bookmark\" class=\"td-image-wrap \" title=\"Deso tem cinco projetos reconhecidos com o Selo Iniciativas Sustent\u00e1veis do Tribunal de Contas de Sergipe\" ><img loading=\"lazy\" decoding=\"async\" class=\"entry-thumb\" src=\"data:image\/png;base64,iVBORw0KGgoAAAANSUhEUgAAAWQAAADcAQMAAAB9O0nPAAAAA1BMVEWurq51dlI4AAAAAXRSTlMmkutdmwAAACBJREFUaN7twTEBAAAAwiD7p7bDbmAAAAAAAAAAAABAdieIAAGQh2mWAAAAAElFTkSuQmCC\" alt=\"\" title=\"Deso tem cinco projetos reconhecidos com o Selo Iniciativas Sustent\u00e1veis do Tribunal de Contas de Sergipe\" data-type=\"image_tag\" data-img-url=\"https:\/\/agenciaunicom.com.br\/blog\/wp-content\/uploads\/2025\/12\/foto-informe-3-356x220.jpeg\"  width=\"356\" height=\"220\" \/><\/a><\/div>\r\n            <div class=\"td-module-meta-info\">\r\n                <h3 class=\"entry-title td-module-title\"><a href=\"https:\/\/agenciaunicom.com.br\/blog\/deso-tem-cinco-projetos-reconhecidos-com-o-selo-iniciativas-sustentaveis-do-tribunal-de-contas-de-sergipe\/\"  rel=\"bookmark\" title=\"Deso tem cinco projetos reconhecidos com o Selo Iniciativas Sustent\u00e1veis do Tribunal de Contas de Sergipe\">Deso tem cinco projetos reconhecidos com o Selo Iniciativas Sustent\u00e1veis do Tribunal de Contas de Sergipe<\/a><\/h3>                <div class=\"td-editor-date\">\r\n                                        <span class=\"td-author-date\">\r\n                                                <span class=\"td-post-date\"><time class=\"entry-date updated td-module-date\" datetime=\"2025-12-16T19:40:34+00:00\" >dezembro 16, 2025<\/time><\/span>                    <\/span>\r\n                <\/div>\r\n            <\/div>\r\n\r\n        <\/div>\r\n\r\n        \n\t<\/div> <!-- .\/td-block-span4 -->\n\n\t<div class=\"td-block-span4\">\n\r\n        <div class=\"td_module_mx1 td_module_wrap td-animation-stack\">\r\n            <div class=\"td-module-thumb\"><a href=\"https:\/\/agenciaunicom.com.br\/blog\/deso-promove-cidadania-com-acoes-no-sergipe-e-aqui-em-riachao-do-dantas\/\"  rel=\"bookmark\" class=\"td-image-wrap \" title=\"Deso promove cidadania com a\u00e7\u00f5es no \u2018Sergipe \u00e9 aqui\u2019 em Riach\u00e3o do Dantas\" ><img loading=\"lazy\" decoding=\"async\" class=\"entry-thumb\" src=\"data:image\/png;base64,iVBORw0KGgoAAAANSUhEUgAAAWQAAADcAQMAAAB9O0nPAAAAA1BMVEWurq51dlI4AAAAAXRSTlMmkutdmwAAACBJREFUaN7twTEBAAAAwiD7p7bDbmAAAAAAAAAAAABAdieIAAGQh2mWAAAAAElFTkSuQmCC\" alt=\"\" title=\"Deso promove cidadania com a\u00e7\u00f5es no \u2018Sergipe \u00e9 aqui\u2019 em Riach\u00e3o do Dantas\" data-type=\"image_tag\" data-img-url=\"https:\/\/agenciaunicom.com.br\/blog\/wp-content\/uploads\/2025\/12\/foto-informe-2-356x220.jpeg\"  width=\"356\" height=\"220\" \/><\/a><\/div>\r\n            <div class=\"td-module-meta-info\">\r\n                <h3 class=\"entry-title td-module-title\"><a href=\"https:\/\/agenciaunicom.com.br\/blog\/deso-promove-cidadania-com-acoes-no-sergipe-e-aqui-em-riachao-do-dantas\/\"  rel=\"bookmark\" title=\"Deso promove cidadania com a\u00e7\u00f5es no \u2018Sergipe \u00e9 aqui\u2019 em Riach\u00e3o do Dantas\">Deso promove cidadania com a\u00e7\u00f5es no \u2018Sergipe \u00e9 aqui\u2019 em Riach\u00e3o do Dantas<\/a><\/h3>                <div class=\"td-editor-date\">\r\n                                        <span class=\"td-author-date\">\r\n                                                <span class=\"td-post-date\"><time class=\"entry-date updated td-module-date\" datetime=\"2025-12-10T14:16:47+00:00\" >dezembro 10, 2025<\/time><\/span>                    <\/span>\r\n                <\/div>\r\n            <\/div>\r\n\r\n        <\/div>\r\n\r\n        \n\t<\/div> <!-- .\/td-block-span4 --><\/div><!--.\/row-fluid-->\n\n\t<div class=\"td-block-row\">\n\n\t<div class=\"td-block-span4\">\n\r\n        <div class=\"td_module_mx1 td_module_wrap td-animation-stack\">\r\n            <div class=\"td-module-thumb\"><a href=\"https:\/\/agenciaunicom.com.br\/blog\/sustentabilidade-no-cotidiano-reforca-cuidado-valorizacao-profissional-e-boas-praticas-ambientais-na-deso\/\"  rel=\"bookmark\" class=\"td-image-wrap \" title=\"Sustentabilidade no cotidiano refor\u00e7a cuidado, valoriza\u00e7\u00e3o profissional e boas pr\u00e1ticas ambientais na Deso\" ><img loading=\"lazy\" decoding=\"async\" class=\"entry-thumb\" src=\"data:image\/png;base64,iVBORw0KGgoAAAANSUhEUgAAAWQAAADcAQMAAAB9O0nPAAAAA1BMVEWurq51dlI4AAAAAXRSTlMmkutdmwAAACBJREFUaN7twTEBAAAAwiD7p7bDbmAAAAAAAAAAAABAdieIAAGQh2mWAAAAAElFTkSuQmCC\" alt=\"\" title=\"Sustentabilidade no cotidiano refor\u00e7a cuidado, valoriza\u00e7\u00e3o profissional e boas pr\u00e1ticas ambientais na Deso\" data-type=\"image_tag\" data-img-url=\"https:\/\/agenciaunicom.com.br\/blog\/wp-content\/uploads\/2025\/12\/foto-informe-1-356x220.jpeg\"  width=\"356\" height=\"220\" \/><\/a><\/div>\r\n            <div class=\"td-module-meta-info\">\r\n                <h3 class=\"entry-title td-module-title\"><a href=\"https:\/\/agenciaunicom.com.br\/blog\/sustentabilidade-no-cotidiano-reforca-cuidado-valorizacao-profissional-e-boas-praticas-ambientais-na-deso\/\"  rel=\"bookmark\" title=\"Sustentabilidade no cotidiano refor\u00e7a cuidado, valoriza\u00e7\u00e3o profissional e boas pr\u00e1ticas ambientais na Deso\">Sustentabilidade no cotidiano refor\u00e7a cuidado, valoriza\u00e7\u00e3o profissional e boas pr\u00e1ticas ambientais na Deso<\/a><\/h3>                <div class=\"td-editor-date\">\r\n                                        <span class=\"td-author-date\">\r\n                                                <span class=\"td-post-date\"><time class=\"entry-date updated td-module-date\" datetime=\"2025-12-10T14:11:42+00:00\" >dezembro 10, 2025<\/time><\/span>                    <\/span>\r\n                <\/div>\r\n            <\/div>\r\n\r\n        <\/div>\r\n\r\n        \n\t<\/div> <!-- .\/td-block-span4 -->\n\n\t<div class=\"td-block-span4\">\n\r\n        <div class=\"td_module_mx1 td_module_wrap td-animation-stack\">\r\n            <div class=\"td-module-thumb\"><a href=\"https:\/\/agenciaunicom.com.br\/blog\/a-luz-do-natal-confira-a-programacao-completa-dos-eventos-natalinos-que-acontecerao-em-aracaju\/\"  rel=\"bookmark\" class=\"td-image-wrap \" title=\"A Luz do Natal: confira a programa\u00e7\u00e3o completa dos eventos natalinos que acontecer\u00e3o em Aracaju\" ><img loading=\"lazy\" decoding=\"async\" class=\"entry-thumb\" src=\"data:image\/png;base64,iVBORw0KGgoAAAANSUhEUgAAAWQAAADcAQMAAAB9O0nPAAAAA1BMVEWurq51dlI4AAAAAXRSTlMmkutdmwAAACBJREFUaN7twTEBAAAAwiD7p7bDbmAAAAAAAAAAAABAdieIAAGQh2mWAAAAAElFTkSuQmCC\" alt=\"\" title=\"A Luz do Natal: confira a programa\u00e7\u00e3o completa dos eventos natalinos que acontecer\u00e3o em Aracaju\" data-type=\"image_tag\" data-img-url=\"https:\/\/agenciaunicom.com.br\/blog\/wp-content\/uploads\/2025\/11\/img_4166-356x220.jpg\"  width=\"356\" height=\"220\" \/><\/a><\/div>\r\n            <div class=\"td-module-meta-info\">\r\n                <h3 class=\"entry-title td-module-title\"><a href=\"https:\/\/agenciaunicom.com.br\/blog\/a-luz-do-natal-confira-a-programacao-completa-dos-eventos-natalinos-que-acontecerao-em-aracaju\/\"  rel=\"bookmark\" title=\"A Luz do Natal: confira a programa\u00e7\u00e3o completa dos eventos natalinos que acontecer\u00e3o em Aracaju\">A Luz do Natal: confira a programa\u00e7\u00e3o completa dos eventos natalinos que acontecer\u00e3o em Aracaju<\/a><\/h3>                <div class=\"td-editor-date\">\r\n                                        <span class=\"td-author-date\">\r\n                                                <span class=\"td-post-date\"><time class=\"entry-date updated td-module-date\" datetime=\"2025-11-28T15:04:28+00:00\" >novembro 28, 2025<\/time><\/span>                    <\/span>\r\n                <\/div>\r\n            <\/div>\r\n\r\n        <\/div>\r\n\r\n        \n\t<\/div> <!-- .\/td-block-span4 -->\n\n\t<div class=\"td-block-span4\">\n\r\n        <div class=\"td_module_mx1 td_module_wrap td-animation-stack\">\r\n            <div class=\"td-module-thumb\"><a href=\"https:\/\/agenciaunicom.com.br\/blog\/obras-da-deso-no-povoado-curralinho-estao-na-reta-final\/\"  rel=\"bookmark\" class=\"td-image-wrap \" title=\"Obras da Deso no Povoado Curralinho est\u00e3o na reta final\" ><img loading=\"lazy\" decoding=\"async\" class=\"entry-thumb\" src=\"data:image\/png;base64,iVBORw0KGgoAAAANSUhEUgAAAWQAAADcAQMAAAB9O0nPAAAAA1BMVEWurq51dlI4AAAAAXRSTlMmkutdmwAAACBJREFUaN7twTEBAAAAwiD7p7bDbmAAAAAAAAAAAABAdieIAAGQh2mWAAAAAElFTkSuQmCC\" alt=\"\" title=\"Obras da Deso no Povoado Curralinho est\u00e3o na reta final\" data-type=\"image_tag\" data-img-url=\"https:\/\/agenciaunicom.com.br\/blog\/wp-content\/uploads\/2025\/11\/foto_informe-2-deso-356x220.jpeg\"  width=\"356\" height=\"220\" \/><\/a><\/div>\r\n            <div class=\"td-module-meta-info\">\r\n                <h3 class=\"entry-title td-module-title\"><a href=\"https:\/\/agenciaunicom.com.br\/blog\/obras-da-deso-no-povoado-curralinho-estao-na-reta-final\/\"  rel=\"bookmark\" title=\"Obras da Deso no Povoado Curralinho est\u00e3o na reta final\">Obras da Deso no Povoado Curralinho est\u00e3o na reta final<\/a><\/h3>                <div class=\"td-editor-date\">\r\n                                        <span class=\"td-author-date\">\r\n                                                <span class=\"td-post-date\"><time class=\"entry-date updated td-module-date\" datetime=\"2025-11-26T19:29:06+00:00\" >novembro 26, 2025<\/time><\/span>                    <\/span>\r\n                <\/div>\r\n            <\/div>\r\n\r\n        <\/div>\r\n\r\n        \n\t<\/div> <!-- .\/td-block-span4 --><\/div><!--.\/row-fluid-->\n\n\t<div class=\"td-block-row\">\n\n\t<div class=\"td-block-span4\">\n\r\n        <div class=\"td_module_mx1 td_module_wrap td-animation-stack\">\r\n            <div class=\"td-module-thumb\"><a href=\"https:\/\/agenciaunicom.com.br\/blog\/festival-do-caranguejo-de-aracaju-sera-realizado-de-4-a-7-de-dezembro\/\"  rel=\"bookmark\" class=\"td-image-wrap \" title=\"Festival do Caranguejo de Aracaju ser\u00e1 realizado de 4 a 7 de dezembro\" ><img loading=\"lazy\" decoding=\"async\" class=\"entry-thumb\" src=\"data:image\/png;base64,iVBORw0KGgoAAAANSUhEUgAAAWQAAADcAQMAAAB9O0nPAAAAA1BMVEWurq51dlI4AAAAAXRSTlMmkutdmwAAACBJREFUaN7twTEBAAAAwiD7p7bDbmAAAAAAAAAAAABAdieIAAGQh2mWAAAAAElFTkSuQmCC\" alt=\"\" title=\"Festival do Caranguejo de Aracaju ser\u00e1 realizado de 4 a 7 de dezembro\" data-type=\"image_tag\" data-img-url=\"https:\/\/agenciaunicom.com.br\/blog\/wp-content\/uploads\/2025\/11\/Festival-do-Caranguejo-356x220.jpg\"  width=\"356\" height=\"220\" \/><\/a><\/div>\r\n            <div class=\"td-module-meta-info\">\r\n                <h3 class=\"entry-title td-module-title\"><a href=\"https:\/\/agenciaunicom.com.br\/blog\/festival-do-caranguejo-de-aracaju-sera-realizado-de-4-a-7-de-dezembro\/\"  rel=\"bookmark\" title=\"Festival do Caranguejo de Aracaju ser\u00e1 realizado de 4 a 7 de dezembro\">Festival do Caranguejo de Aracaju ser\u00e1 realizado de 4 a 7 de dezembro<\/a><\/h3>                <div class=\"td-editor-date\">\r\n                                        <span class=\"td-author-date\">\r\n                                                <span class=\"td-post-date\"><time class=\"entry-date updated td-module-date\" datetime=\"2025-11-25T14:18:25+00:00\" >novembro 25, 2025<\/time><\/span>                    <\/span>\r\n                <\/div>\r\n            <\/div>\r\n\r\n        <\/div>\r\n\r\n        \n\t<\/div> <!-- .\/td-block-span4 -->\n\n\t<div class=\"td-block-span4\">\n\r\n        <div class=\"td_module_mx1 td_module_wrap td-animation-stack\">\r\n            <div class=\"td-module-thumb\"><a href=\"https:\/\/agenciaunicom.com.br\/blog\/deso-reforca-compromisso-com-o-cidadao-e-o-meio-ambiente-durante-o-sergipe-e-aqui-em-cristinapolis\/\"  rel=\"bookmark\" class=\"td-image-wrap \" title=\"Deso refor\u00e7a compromisso com o cidad\u00e3o e o meio ambiente durante o \u2018Sergipe \u00e9 aqui\u2019 em Cristin\u00e1polis\" ><img loading=\"lazy\" decoding=\"async\" class=\"entry-thumb\" src=\"data:image\/png;base64,iVBORw0KGgoAAAANSUhEUgAAAWQAAADcAQMAAAB9O0nPAAAAA1BMVEWurq51dlI4AAAAAXRSTlMmkutdmwAAACBJREFUaN7twTEBAAAAwiD7p7bDbmAAAAAAAAAAAABAdieIAAGQh2mWAAAAAElFTkSuQmCC\" alt=\"\" title=\"Deso refor\u00e7a compromisso com o cidad\u00e3o e o meio ambiente durante o \u2018Sergipe \u00e9 aqui\u2019 em Cristin\u00e1polis\" data-type=\"image_tag\" data-img-url=\"https:\/\/agenciaunicom.com.br\/blog\/wp-content\/uploads\/2025\/11\/FOTO-INFORME-1-356x220.jpeg\"  width=\"356\" height=\"220\" \/><\/a><\/div>\r\n            <div class=\"td-module-meta-info\">\r\n                <h3 class=\"entry-title td-module-title\"><a href=\"https:\/\/agenciaunicom.com.br\/blog\/deso-reforca-compromisso-com-o-cidadao-e-o-meio-ambiente-durante-o-sergipe-e-aqui-em-cristinapolis\/\"  rel=\"bookmark\" title=\"Deso refor\u00e7a compromisso com o cidad\u00e3o e o meio ambiente durante o \u2018Sergipe \u00e9 aqui\u2019 em Cristin\u00e1polis\">Deso refor\u00e7a compromisso com o cidad\u00e3o e o meio ambiente durante o \u2018Sergipe \u00e9 aqui\u2019 em Cristin\u00e1polis<\/a><\/h3>                <div class=\"td-editor-date\">\r\n                                        <span class=\"td-author-date\">\r\n                                                <span class=\"td-post-date\"><time class=\"entry-date updated td-module-date\" datetime=\"2025-11-11T20:09:09+00:00\" >novembro 11, 2025<\/time><\/span>                    <\/span>\r\n                <\/div>\r\n            <\/div>\r\n\r\n        <\/div>\r\n\r\n        \n\t<\/div> <!-- .\/td-block-span4 -->\n\n\t<div class=\"td-block-span4\">\n\r\n        <div class=\"td_module_mx1 td_module_wrap td-animation-stack\">\r\n            <div class=\"td-module-thumb\"><a href=\"https:\/\/agenciaunicom.com.br\/blog\/deso-fortalece-controle-de-qualidade-da-agua-com-modernizacao-e-expansao-dos-laboratorios\/\"  rel=\"bookmark\" class=\"td-image-wrap \" title=\"Deso fortalece controle de qualidade da \u00e1gua com moderniza\u00e7\u00e3o e expans\u00e3o dos laborat\u00f3rios\" ><img loading=\"lazy\" decoding=\"async\" class=\"entry-thumb\" src=\"data:image\/png;base64,iVBORw0KGgoAAAANSUhEUgAAAWQAAADcAQMAAAB9O0nPAAAAA1BMVEWurq51dlI4AAAAAXRSTlMmkutdmwAAACBJREFUaN7twTEBAAAAwiD7p7bDbmAAAAAAAAAAAABAdieIAAGQh2mWAAAAAElFTkSuQmCC\" alt=\"\" title=\"Deso fortalece controle de qualidade da \u00e1gua com moderniza\u00e7\u00e3o e expans\u00e3o dos laborat\u00f3rios\" data-type=\"image_tag\" data-img-url=\"https:\/\/agenciaunicom.com.br\/blog\/wp-content\/uploads\/2025\/10\/1760701185_laboratorio-publi-356x220.png\"  width=\"356\" height=\"220\" \/><\/a><\/div>\r\n            <div class=\"td-module-meta-info\">\r\n                <h3 class=\"entry-title td-module-title\"><a href=\"https:\/\/agenciaunicom.com.br\/blog\/deso-fortalece-controle-de-qualidade-da-agua-com-modernizacao-e-expansao-dos-laboratorios\/\"  rel=\"bookmark\" title=\"Deso fortalece controle de qualidade da \u00e1gua com moderniza\u00e7\u00e3o e expans\u00e3o dos laborat\u00f3rios\">Deso fortalece controle de qualidade da \u00e1gua com moderniza\u00e7\u00e3o e expans\u00e3o dos laborat\u00f3rios<\/a><\/h3>                <div class=\"td-editor-date\">\r\n                                        <span class=\"td-author-date\">\r\n                                                <span class=\"td-post-date\"><time class=\"entry-date updated td-module-date\" datetime=\"2025-10-22T14:26:12+00:00\" >outubro 22, 2025<\/time><\/span>                    <\/span>\r\n                <\/div>\r\n            <\/div>\r\n\r\n        <\/div>\r\n\r\n        \n\t<\/div> <!-- .\/td-block-span4 --><\/div><!--.\/row-fluid-->\n\n\t<div class=\"td-block-row\">\n\n\t<div class=\"td-block-span4\">\n\r\n        <div class=\"td_module_mx1 td_module_wrap td-animation-stack\">\r\n            <div class=\"td-module-thumb\"><a href=\"https:\/\/agenciaunicom.com.br\/blog\/programa-da-deso-atinge-a-marca-de-dez-mil-livros-doados-em-sergipe\/\"  rel=\"bookmark\" class=\"td-image-wrap \" title=\"Programa da Deso atinge a marca de dez mil livros doados em Sergipe\" ><img loading=\"lazy\" decoding=\"async\" class=\"entry-thumb\" src=\"data:image\/png;base64,iVBORw0KGgoAAAANSUhEUgAAAWQAAADcAQMAAAB9O0nPAAAAA1BMVEWurq51dlI4AAAAAXRSTlMmkutdmwAAACBJREFUaN7twTEBAAAAwiD7p7bDbmAAAAAAAAAAAABAdieIAAGQh2mWAAAAAElFTkSuQmCC\" alt=\"\" title=\"Programa da Deso atinge a marca de dez mil livros doados em Sergipe\" data-type=\"image_tag\" data-img-url=\"https:\/\/agenciaunicom.com.br\/blog\/wp-content\/uploads\/2025\/10\/1760701185_livrospubli1-356x220.jpg\"  width=\"356\" height=\"220\" \/><\/a><\/div>\r\n            <div class=\"td-module-meta-info\">\r\n                <h3 class=\"entry-title td-module-title\"><a href=\"https:\/\/agenciaunicom.com.br\/blog\/programa-da-deso-atinge-a-marca-de-dez-mil-livros-doados-em-sergipe\/\"  rel=\"bookmark\" title=\"Programa da Deso atinge a marca de dez mil livros doados em Sergipe\">Programa da Deso atinge a marca de dez mil livros doados em Sergipe<\/a><\/h3>                <div class=\"td-editor-date\">\r\n                                        <span class=\"td-author-date\">\r\n                                                <span class=\"td-post-date\"><time class=\"entry-date updated td-module-date\" datetime=\"2025-10-21T14:11:59+00:00\" >outubro 21, 2025<\/time><\/span>                    <\/span>\r\n                <\/div>\r\n            <\/div>\r\n\r\n        <\/div>\r\n\r\n        \n\t<\/div> <!-- .\/td-block-span4 -->\n\n\t<div class=\"td-block-span4\">\n\r\n        <div class=\"td_module_mx1 td_module_wrap td-animation-stack\">\r\n            <div class=\"td-module-thumb\"><a href=\"https:\/\/agenciaunicom.com.br\/blog\/deso-se-destaca-no-anuario-valor-1000-como-a-sexta-maior-empresa-publica-de-saneamento-do-nordeste\/\"  rel=\"bookmark\" class=\"td-image-wrap \" title=\"Deso se destaca no anu\u00e1rio Valor 1000 como a sexta maior empresa p\u00fablica de saneamento do Nordeste\" ><img loading=\"lazy\" decoding=\"async\" class=\"entry-thumb\" src=\"data:image\/png;base64,iVBORw0KGgoAAAANSUhEUgAAAWQAAADcAQMAAAB9O0nPAAAAA1BMVEWurq51dlI4AAAAAXRSTlMmkutdmwAAACBJREFUaN7twTEBAAAAwiD7p7bDbmAAAAAAAAAAAABAdieIAAGQh2mWAAAAAElFTkSuQmCC\" alt=\"\" title=\"Deso se destaca no anu\u00e1rio Valor 1000 como a sexta maior empresa p\u00fablica de saneamento do Nordeste\" data-type=\"image_tag\" data-img-url=\"https:\/\/agenciaunicom.com.br\/blog\/wp-content\/uploads\/2025\/10\/Deso-356x220.jpeg\"  width=\"356\" height=\"220\" \/><\/a><\/div>\r\n            <div class=\"td-module-meta-info\">\r\n                <h3 class=\"entry-title td-module-title\"><a href=\"https:\/\/agenciaunicom.com.br\/blog\/deso-se-destaca-no-anuario-valor-1000-como-a-sexta-maior-empresa-publica-de-saneamento-do-nordeste\/\"  rel=\"bookmark\" title=\"Deso se destaca no anu\u00e1rio Valor 1000 como a sexta maior empresa p\u00fablica de saneamento do Nordeste\">Deso se destaca no anu\u00e1rio Valor 1000 como a sexta maior empresa p\u00fablica de saneamento do Nordeste<\/a><\/h3>                <div class=\"td-editor-date\">\r\n                                        <span class=\"td-author-date\">\r\n                                                <span class=\"td-post-date\"><time class=\"entry-date updated td-module-date\" datetime=\"2025-10-11T01:56:53+00:00\" >outubro 11, 2025<\/time><\/span>                    <\/span>\r\n                <\/div>\r\n            <\/div>\r\n\r\n        <\/div>\r\n\r\n        \n\t<\/div> <!-- .\/td-block-span4 -->\n\n\t<div class=\"td-block-span4\">\n\r\n        <div class=\"td_module_mx1 td_module_wrap td-animation-stack\">\r\n            <div class=\"td-module-thumb\"><a href=\"https:\/\/agenciaunicom.com.br\/blog\/aracaju-conquista-o-5o-lugar-entre-as-cidades-do-ne-no-ranking-connected-smart-cities\/\"  rel=\"bookmark\" class=\"td-image-wrap \" title=\"Aracaju conquista o 5\u00ba lugar entre as cidades do NE no Ranking Connected Smart Cities\" ><img loading=\"lazy\" decoding=\"async\" class=\"entry-thumb\" src=\"data:image\/png;base64,iVBORw0KGgoAAAANSUhEUgAAAWQAAADcAQMAAAB9O0nPAAAAA1BMVEWurq51dlI4AAAAAXRSTlMmkutdmwAAACBJREFUaN7twTEBAAAAwiD7p7bDbmAAAAAAAAAAAABAdieIAAGQh2mWAAAAAElFTkSuQmCC\" alt=\"\" title=\"Aracaju conquista o 5\u00ba lugar entre as cidades do NE no Ranking Connected Smart Cities\" data-type=\"image_tag\" data-img-url=\"https:\/\/agenciaunicom.com.br\/blog\/wp-content\/uploads\/2025\/09\/Prefeita-de-Aracaju-Emilia-Correa-356x220.jpg\"  width=\"356\" height=\"220\" \/><\/a><\/div>\r\n            <div class=\"td-module-meta-info\">\r\n                <h3 class=\"entry-title td-module-title\"><a href=\"https:\/\/agenciaunicom.com.br\/blog\/aracaju-conquista-o-5o-lugar-entre-as-cidades-do-ne-no-ranking-connected-smart-cities\/\"  rel=\"bookmark\" title=\"Aracaju conquista o 5\u00ba lugar entre as cidades do NE no Ranking Connected Smart Cities\">Aracaju conquista o 5\u00ba lugar entre as cidades do NE no Ranking Connected Smart Cities<\/a><\/h3>                <div class=\"td-editor-date\">\r\n                                        <span class=\"td-author-date\">\r\n                                                <span class=\"td-post-date\"><time class=\"entry-date updated td-module-date\" datetime=\"2025-09-26T03:30:20+00:00\" >setembro 26, 2025<\/time><\/span>                    <\/span>\r\n                <\/div>\r\n            <\/div>\r\n\r\n        <\/div>\r\n\r\n        \n\t<\/div> <!-- .\/td-block-span4 --><\/div><!--.\/row-fluid-->\n\n\t<div class=\"td-block-row\">\n\n\t<div class=\"td-block-span4\">\n\r\n        <div class=\"td_module_mx1 td_module_wrap td-animation-stack\">\r\n            <div class=\"td-module-thumb\"><a href=\"https:\/\/agenciaunicom.com.br\/blog\/ricardo-marques-busca-apoio-em-brasilia-na-luta-pela-zona-de-expansao-de-aracaju\/\"  rel=\"bookmark\" class=\"td-image-wrap \" title=\"Ricardo Marques busca apoio em Bras\u00edlia na luta pela Zona de Expans\u00e3o de Aracaju\" ><img loading=\"lazy\" decoding=\"async\" class=\"entry-thumb\" src=\"data:image\/png;base64,iVBORw0KGgoAAAANSUhEUgAAAWQAAADcAQMAAAB9O0nPAAAAA1BMVEWurq51dlI4AAAAAXRSTlMmkutdmwAAACBJREFUaN7twTEBAAAAwiD7p7bDbmAAAAAAAAAAAABAdieIAAGQh2mWAAAAAElFTkSuQmCC\" alt=\"\" title=\"Ricardo Marques busca apoio em Bras\u00edlia na luta pela Zona de Expans\u00e3o de Aracaju\" data-type=\"image_tag\" data-img-url=\"https:\/\/agenciaunicom.com.br\/blog\/wp-content\/uploads\/2025\/09\/Vice-prefeito-Ricardo-Marques_00-356x220.jpeg\"  width=\"356\" height=\"220\" \/><\/a><\/div>\r\n            <div class=\"td-module-meta-info\">\r\n                <h3 class=\"entry-title td-module-title\"><a href=\"https:\/\/agenciaunicom.com.br\/blog\/ricardo-marques-busca-apoio-em-brasilia-na-luta-pela-zona-de-expansao-de-aracaju\/\"  rel=\"bookmark\" title=\"Ricardo Marques busca apoio em Bras\u00edlia na luta pela Zona de Expans\u00e3o de Aracaju\">Ricardo Marques busca apoio em Bras\u00edlia na luta pela Zona de Expans\u00e3o de Aracaju<\/a><\/h3>                <div class=\"td-editor-date\">\r\n                                        <span class=\"td-author-date\">\r\n                                                <span class=\"td-post-date\"><time class=\"entry-date updated td-module-date\" datetime=\"2025-09-26T02:50:45+00:00\" >setembro 26, 2025<\/time><\/span>                    <\/span>\r\n                <\/div>\r\n            <\/div>\r\n\r\n        <\/div>\r\n\r\n        \n\t<\/div> <!-- .\/td-block-span4 -->\n\n\t<div class=\"td-block-span4\">\n\r\n        <div class=\"td_module_mx1 td_module_wrap td-animation-stack\">\r\n            <div class=\"td-module-thumb\"><a href=\"https:\/\/agenciaunicom.com.br\/blog\/deso-oferta-condicoes-imperdiveis-para-negociacao-de-debitos-com-descontos-especiais\/\"  rel=\"bookmark\" class=\"td-image-wrap \" title=\"Deso oferta condi\u00e7\u00f5es imperd\u00edveis para negocia\u00e7\u00e3o de d\u00e9bitos com descontos especiais\" ><img loading=\"lazy\" decoding=\"async\" class=\"entry-thumb\" src=\"data:image\/png;base64,iVBORw0KGgoAAAANSUhEUgAAAWQAAADcAQMAAAB9O0nPAAAAA1BMVEWurq51dlI4AAAAAXRSTlMmkutdmwAAACBJREFUaN7twTEBAAAAwiD7p7bDbmAAAAAAAAAAAABAdieIAAGQh2mWAAAAAElFTkSuQmCC\" alt=\"\" title=\"Deso oferta condi\u00e7\u00f5es imperd\u00edveis para negocia\u00e7\u00e3o de d\u00e9bitos com descontos especiais\" data-type=\"image_tag\" data-img-url=\"https:\/\/agenciaunicom.com.br\/blog\/wp-content\/uploads\/2025\/09\/WhatsApp-Image-2025-09-23-at-17.40.33-356x220.jpeg\"  width=\"356\" height=\"220\" \/><\/a><\/div>\r\n            <div class=\"td-module-meta-info\">\r\n                <h3 class=\"entry-title td-module-title\"><a href=\"https:\/\/agenciaunicom.com.br\/blog\/deso-oferta-condicoes-imperdiveis-para-negociacao-de-debitos-com-descontos-especiais\/\"  rel=\"bookmark\" title=\"Deso oferta condi\u00e7\u00f5es imperd\u00edveis para negocia\u00e7\u00e3o de d\u00e9bitos com descontos especiais\">Deso oferta condi\u00e7\u00f5es imperd\u00edveis para negocia\u00e7\u00e3o de d\u00e9bitos com descontos especiais<\/a><\/h3>                <div class=\"td-editor-date\">\r\n                                        <span class=\"td-author-date\">\r\n                                                <span class=\"td-post-date\"><time class=\"entry-date updated td-module-date\" datetime=\"2025-09-24T10:40:49+00:00\" >setembro 24, 2025<\/time><\/span>                    <\/span>\r\n                <\/div>\r\n            <\/div>\r\n\r\n        <\/div>\r\n\r\n        \n\t<\/div> <!-- .\/td-block-span4 -->\n\n\t<div class=\"td-block-span4\">\n\r\n        <div class=\"td_module_mx1 td_module_wrap td-animation-stack\">\r\n            <div class=\"td-module-thumb\"><a href=\"https:\/\/agenciaunicom.com.br\/blog\/revista-em-quadrinhos-tematica-e-utilizada-pela-deso-como-ferramenta-de-educacao-ambiental\/\"  rel=\"bookmark\" class=\"td-image-wrap \" title=\"Revista em quadrinhos tem\u00e1tica \u00e9 utilizada pela Deso como ferramenta de educa\u00e7\u00e3o ambiental\" ><img loading=\"lazy\" decoding=\"async\" class=\"entry-thumb\" src=\"data:image\/png;base64,iVBORw0KGgoAAAANSUhEUgAAAWQAAADcAQMAAAB9O0nPAAAAA1BMVEWurq51dlI4AAAAAXRSTlMmkutdmwAAACBJREFUaN7twTEBAAAAwiD7p7bDbmAAAAAAAAAAAABAdieIAAGQh2mWAAAAAElFTkSuQmCC\" alt=\"\" title=\"Revista em quadrinhos tem\u00e1tica \u00e9 utilizada pela Deso como ferramenta de educa\u00e7\u00e3o ambiental\" data-type=\"image_tag\" data-img-url=\"https:\/\/agenciaunicom.com.br\/blog\/wp-content\/uploads\/2025\/04\/1744636773_IMG_5371-356x220.png\"  width=\"356\" height=\"220\" \/><\/a><\/div>\r\n            <div class=\"td-module-meta-info\">\r\n                <h3 class=\"entry-title td-module-title\"><a href=\"https:\/\/agenciaunicom.com.br\/blog\/revista-em-quadrinhos-tematica-e-utilizada-pela-deso-como-ferramenta-de-educacao-ambiental\/\"  rel=\"bookmark\" title=\"Revista em quadrinhos tem\u00e1tica \u00e9 utilizada pela Deso como ferramenta de educa\u00e7\u00e3o ambiental\">Revista em quadrinhos tem\u00e1tica \u00e9 utilizada pela Deso como ferramenta de educa\u00e7\u00e3o ambiental<\/a><\/h3>                <div class=\"td-editor-date\">\r\n                                        <span class=\"td-author-date\">\r\n                                                <span class=\"td-post-date\"><time class=\"entry-date updated td-module-date\" datetime=\"2025-07-06T19:59:58+00:00\" >julho 6, 2025<\/time><\/span>                    <\/span>\r\n                <\/div>\r\n            <\/div>\r\n\r\n        <\/div>\r\n\r\n        \n\t<\/div> <!-- .\/td-block-span4 --><\/div><!--.\/row-fluid-->\n\n\t<div class=\"td-block-row\">\n\n\t<div class=\"td-block-span4\">\n\r\n        <div class=\"td_module_mx1 td_module_wrap td-animation-stack\">\r\n            <div class=\"td-module-thumb\"><a href=\"https:\/\/agenciaunicom.com.br\/blog\/tatuagem-solidaria-iniciativa-de-sergipano-e-premiada-nos-estados-unidos\/\"  rel=\"bookmark\" class=\"td-image-wrap \" title=\"Tatuagem solid\u00e1ria: iniciativa de sergipano \u00e9 premiada nos Estados Unidos\" ><img loading=\"lazy\" decoding=\"async\" class=\"entry-thumb\" src=\"data:image\/png;base64,iVBORw0KGgoAAAANSUhEUgAAAWQAAADcAQMAAAB9O0nPAAAAA1BMVEWurq51dlI4AAAAAXRSTlMmkutdmwAAACBJREFUaN7twTEBAAAAwiD7p7bDbmAAAAAAAAAAAABAdieIAAGQh2mWAAAAAElFTkSuQmCC\" alt=\"\" title=\"Tatuagem solid\u00e1ria: iniciativa de sergipano \u00e9 premiada nos Estados Unidos\" data-type=\"image_tag\" data-img-url=\"https:\/\/agenciaunicom.com.br\/blog\/wp-content\/uploads\/2025\/05\/0_Danillo-Lima-356x220.jpg\"  width=\"356\" height=\"220\" \/><\/a><\/div>\r\n            <div class=\"td-module-meta-info\">\r\n                <h3 class=\"entry-title td-module-title\"><a href=\"https:\/\/agenciaunicom.com.br\/blog\/tatuagem-solidaria-iniciativa-de-sergipano-e-premiada-nos-estados-unidos\/\"  rel=\"bookmark\" title=\"Tatuagem solid\u00e1ria: iniciativa de sergipano \u00e9 premiada nos Estados Unidos\">Tatuagem solid\u00e1ria: iniciativa de sergipano \u00e9 premiada nos Estados Unidos<\/a><\/h3>                <div class=\"td-editor-date\">\r\n                                        <span class=\"td-author-date\">\r\n                                                <span class=\"td-post-date\"><time class=\"entry-date updated td-module-date\" datetime=\"2025-06-07T03:16:06+00:00\" >junho 7, 2025<\/time><\/span>                    <\/span>\r\n                <\/div>\r\n            <\/div>\r\n\r\n        <\/div>\r\n\r\n        \n\t<\/div> <!-- .\/td-block-span4 -->\n\n\t<div class=\"td-block-span4\">\n\r\n        <div class=\"td_module_mx1 td_module_wrap td-animation-stack\">\r\n            <div class=\"td-module-thumb\"><a href=\"https:\/\/agenciaunicom.com.br\/blog\/deso-realiza-acao-sustentavel-com-uniformes-inutilizados-e-potencializa-desenvolvimento-socioeconomico\/\"  rel=\"bookmark\" class=\"td-image-wrap \" title=\"Deso realiza a\u00e7\u00e3o sustent\u00e1vel com uniformes inutilizados e potencializa desenvolvimento socioecon\u00f4mico\" ><img loading=\"lazy\" decoding=\"async\" class=\"entry-thumb\" src=\"data:image\/png;base64,iVBORw0KGgoAAAANSUhEUgAAAWQAAADcAQMAAAB9O0nPAAAAA1BMVEWurq51dlI4AAAAAXRSTlMmkutdmwAAACBJREFUaN7twTEBAAAAwiD7p7bDbmAAAAAAAAAAAABAdieIAAGQh2mWAAAAAElFTkSuQmCC\" alt=\"\" title=\"Deso realiza a\u00e7\u00e3o sustent\u00e1vel com uniformes inutilizados e potencializa desenvolvimento socioecon\u00f4mico\" data-type=\"image_tag\" data-img-url=\"https:\/\/agenciaunicom.com.br\/blog\/wp-content\/uploads\/2025\/04\/1744124430_slide_91fa5c18c286a118300c6b226466fafc-356x220.jpeg\"  width=\"356\" height=\"220\" \/><\/a><\/div>\r\n            <div class=\"td-module-meta-info\">\r\n                <h3 class=\"entry-title td-module-title\"><a href=\"https:\/\/agenciaunicom.com.br\/blog\/deso-realiza-acao-sustentavel-com-uniformes-inutilizados-e-potencializa-desenvolvimento-socioeconomico\/\"  rel=\"bookmark\" title=\"Deso realiza a\u00e7\u00e3o sustent\u00e1vel com uniformes inutilizados e potencializa desenvolvimento socioecon\u00f4mico\">Deso realiza a\u00e7\u00e3o sustent\u00e1vel com uniformes inutilizados e potencializa desenvolvimento socioecon\u00f4mico<\/a><\/h3>                <div class=\"td-editor-date\">\r\n                                        <span class=\"td-author-date\">\r\n                                                <span class=\"td-post-date\"><time class=\"entry-date updated td-module-date\" datetime=\"2025-04-10T02:51:04+00:00\" >abril 10, 2025<\/time><\/span>                    <\/span>\r\n                <\/div>\r\n            <\/div>\r\n\r\n        <\/div>\r\n\r\n        \n\t<\/div> <!-- .\/td-block-span4 -->\n\n\t<div class=\"td-block-span4\">\n\r\n        <div class=\"td_module_mx1 td_module_wrap td-animation-stack\">\r\n            <div class=\"td-module-thumb\"><a href=\"https:\/\/agenciaunicom.com.br\/blog\/prefeitura-de-aracaju-lanca-radioagencia-e-amplia-canais-de-comunicacao-institucional\/\"  rel=\"bookmark\" class=\"td-image-wrap \" title=\"Prefeitura de Aracaju lan\u00e7a Radioag\u00eancia e amplia canais de comunica\u00e7\u00e3o institucional\" ><img loading=\"lazy\" decoding=\"async\" class=\"entry-thumb\" src=\"data:image\/png;base64,iVBORw0KGgoAAAANSUhEUgAAAWQAAADcAQMAAAB9O0nPAAAAA1BMVEWurq51dlI4AAAAAXRSTlMmkutdmwAAACBJREFUaN7twTEBAAAAwiD7p7bDbmAAAAAAAAAAAABAdieIAAGQh2mWAAAAAElFTkSuQmCC\" alt=\"\" title=\"Prefeitura de Aracaju lan\u00e7a Radioag\u00eancia e amplia canais de comunica\u00e7\u00e3o institucional\" data-type=\"image_tag\" data-img-url=\"https:\/\/agenciaunicom.com.br\/blog\/wp-content\/uploads\/2025\/03\/Secretario-de-Comunicacao-Ricardo-Marques-356x220.jpg\"  width=\"356\" height=\"220\" \/><\/a><\/div>\r\n            <div class=\"td-module-meta-info\">\r\n                <h3 class=\"entry-title td-module-title\"><a href=\"https:\/\/agenciaunicom.com.br\/blog\/prefeitura-de-aracaju-lanca-radioagencia-e-amplia-canais-de-comunicacao-institucional\/\"  rel=\"bookmark\" title=\"Prefeitura de Aracaju lan\u00e7a Radioag\u00eancia e amplia canais de comunica\u00e7\u00e3o institucional\">Prefeitura de Aracaju lan\u00e7a Radioag\u00eancia e amplia canais de comunica\u00e7\u00e3o institucional<\/a><\/h3>                <div class=\"td-editor-date\">\r\n                                        <span class=\"td-author-date\">\r\n                                                <span class=\"td-post-date\"><time class=\"entry-date updated td-module-date\" datetime=\"2025-03-28T02:39:45+00:00\" >mar\u00e7o 28, 2025<\/time><\/span>                    <\/span>\r\n                <\/div>\r\n            <\/div>\r\n\r\n        <\/div>\r\n\r\n        \n\t<\/div> <!-- .\/td-block-span4 --><\/div><!--.\/row-fluid-->\n\n\t<div class=\"td-block-row\">\n\n\t<div class=\"td-block-span4\">\n\r\n        <div class=\"td_module_mx1 td_module_wrap td-animation-stack\">\r\n            <div class=\"td-module-thumb\"><a href=\"https:\/\/agenciaunicom.com.br\/blog\/ministro-marcio-macedo-assina-ordem-de-servico-da-expansao-do-hospital-universitario-de-lagarto\/\"  rel=\"bookmark\" class=\"td-image-wrap \" title=\"Ministro Marcio Macedo assina ordem de servi\u00e7o da expans\u00e3o do Hospital Universit\u00e1rio de Lagarto\" ><img loading=\"lazy\" decoding=\"async\" class=\"entry-thumb\" src=\"data:image\/png;base64,iVBORw0KGgoAAAANSUhEUgAAAWQAAADcAQMAAAB9O0nPAAAAA1BMVEWurq51dlI4AAAAAXRSTlMmkutdmwAAACBJREFUaN7twTEBAAAAwiD7p7bDbmAAAAAAAAAAAABAdieIAAGQh2mWAAAAAElFTkSuQmCC\" alt=\"\" title=\"Ministro Marcio Macedo assina ordem de servi\u00e7o da expans\u00e3o do Hospital Universit\u00e1rio de Lagarto\" data-type=\"image_tag\" data-img-url=\"https:\/\/agenciaunicom.com.br\/blog\/wp-content\/uploads\/2025\/03\/7e0167cc-2092-44cc-ab3d-9d54c607f63d-356x220.jpeg\"  width=\"356\" height=\"220\" \/><\/a><\/div>\r\n            <div class=\"td-module-meta-info\">\r\n                <h3 class=\"entry-title td-module-title\"><a href=\"https:\/\/agenciaunicom.com.br\/blog\/ministro-marcio-macedo-assina-ordem-de-servico-da-expansao-do-hospital-universitario-de-lagarto\/\"  rel=\"bookmark\" title=\"Ministro Marcio Macedo assina ordem de servi\u00e7o da expans\u00e3o do Hospital Universit\u00e1rio de Lagarto\">Ministro Marcio Macedo assina ordem de servi\u00e7o da expans\u00e3o do Hospital Universit\u00e1rio de Lagarto<\/a><\/h3>                <div class=\"td-editor-date\">\r\n                                        <span class=\"td-author-date\">\r\n                                                <span class=\"td-post-date\"><time class=\"entry-date updated td-module-date\" datetime=\"2025-03-17T03:19:19+00:00\" >mar\u00e7o 17, 2025<\/time><\/span>                    <\/span>\r\n                <\/div>\r\n            <\/div>\r\n\r\n        <\/div>\r\n\r\n        \n\t<\/div> <!-- .\/td-block-span4 -->\n\n\t<div class=\"td-block-span4\">\n\r\n        <div class=\"td_module_mx1 td_module_wrap td-animation-stack\">\r\n            <div class=\"td-module-thumb\"><a href=\"https:\/\/agenciaunicom.com.br\/blog\/jeferson-andrade-afirma-que-estabilidade-democratica-e-fundamental-para-desenvolvimento-do-pais\/\"  rel=\"bookmark\" class=\"td-image-wrap \" title=\"Jeferson Andrade afirma que estabilidade democr\u00e1tica \u00e9 fundamental para desenvolvimento do Pa\u00eds\" ><img loading=\"lazy\" decoding=\"async\" class=\"entry-thumb\" src=\"data:image\/png;base64,iVBORw0KGgoAAAANSUhEUgAAAWQAAADcAQMAAAB9O0nPAAAAA1BMVEWurq51dlI4AAAAAXRSTlMmkutdmwAAACBJREFUaN7twTEBAAAAwiD7p7bDbmAAAAAAAAAAAABAdieIAAGQh2mWAAAAAElFTkSuQmCC\" alt=\"\" title=\"Jeferson Andrade afirma que estabilidade democr\u00e1tica \u00e9 fundamental para desenvolvimento do Pa\u00eds\" data-type=\"image_tag\" data-img-url=\"https:\/\/agenciaunicom.com.br\/blog\/wp-content\/uploads\/2025\/03\/2c5f0645-93c9-4d79-9c41-7f7bd34b3e84-356x220.jpeg\"  width=\"356\" height=\"220\" \/><\/a><\/div>\r\n            <div class=\"td-module-meta-info\">\r\n                <h3 class=\"entry-title td-module-title\"><a href=\"https:\/\/agenciaunicom.com.br\/blog\/jeferson-andrade-afirma-que-estabilidade-democratica-e-fundamental-para-desenvolvimento-do-pais\/\"  rel=\"bookmark\" title=\"Jeferson Andrade afirma que estabilidade democr\u00e1tica \u00e9 fundamental para desenvolvimento do Pa\u00eds\">Jeferson Andrade afirma que estabilidade democr\u00e1tica \u00e9 fundamental para desenvolvimento do Pa\u00eds<\/a><\/h3>                <div class=\"td-editor-date\">\r\n                                        <span class=\"td-author-date\">\r\n                                                <span class=\"td-post-date\"><time class=\"entry-date updated td-module-date\" datetime=\"2025-03-17T02:50:56+00:00\" >mar\u00e7o 17, 2025<\/time><\/span>                    <\/span>\r\n                <\/div>\r\n            <\/div>\r\n\r\n        <\/div>\r\n\r\n        \n\t<\/div> <!-- .\/td-block-span4 -->\n\n\t<div class=\"td-block-span4\">\n\r\n        <div class=\"td_module_mx1 td_module_wrap td-animation-stack\">\r\n            <div class=\"td-module-thumb\"><a href=\"https:\/\/agenciaunicom.com.br\/blog\/deso-doa-mudas-de-arvores-ao-municipio-de-nossa-senhora-do-socorro\/\"  rel=\"bookmark\" class=\"td-image-wrap \" title=\"Deso doa mudas de \u00e1rvores ao munic\u00edpio de Nossa Senhora do Socorro\" ><img loading=\"lazy\" decoding=\"async\" class=\"entry-thumb\" src=\"data:image\/png;base64,iVBORw0KGgoAAAANSUhEUgAAAWQAAADcAQMAAAB9O0nPAAAAA1BMVEWurq51dlI4AAAAAXRSTlMmkutdmwAAACBJREFUaN7twTEBAAAAwiD7p7bDbmAAAAAAAAAAAABAdieIAAGQh2mWAAAAAElFTkSuQmCC\" alt=\"\" title=\"Deso doa mudas de \u00e1rvores ao munic\u00edpio de Nossa Senhora do Socorro\" data-type=\"image_tag\" data-img-url=\"https:\/\/agenciaunicom.com.br\/blog\/wp-content\/uploads\/2025\/03\/1741871091_Deso-doa-mudas-de-arvores-a-municipio-de-Nossa-Senhora-do-Socorro-1-356x220.png\"  width=\"356\" height=\"220\" \/><\/a><\/div>\r\n            <div class=\"td-module-meta-info\">\r\n                <h3 class=\"entry-title td-module-title\"><a href=\"https:\/\/agenciaunicom.com.br\/blog\/deso-doa-mudas-de-arvores-ao-municipio-de-nossa-senhora-do-socorro\/\"  rel=\"bookmark\" title=\"Deso doa mudas de \u00e1rvores ao munic\u00edpio de Nossa Senhora do Socorro\">Deso doa mudas de \u00e1rvores ao munic\u00edpio de Nossa Senhora do Socorro<\/a><\/h3>                <div class=\"td-editor-date\">\r\n                                        <span class=\"td-author-date\">\r\n                                                <span class=\"td-post-date\"><time class=\"entry-date updated td-module-date\" datetime=\"2025-03-14T14:50:25+00:00\" >mar\u00e7o 14, 2025<\/time><\/span>                    <\/span>\r\n                <\/div>\r\n            <\/div>\r\n\r\n        <\/div>\r\n\r\n        \n\t<\/div> <!-- .\/td-block-span4 --><\/div><!--.\/row-fluid--><\/div><div class=\"td-next-prev-wrap\"><a href=\"#\" class=\"td-ajax-prev-page ajax-page-disabled\" aria-label=\"prev-page\" id=\"prev-page-tdi_34\" data-td_block_id=\"tdi_34\"><i class=\"td-next-prev-icon td-icon-font td-icon-menu-left\"><\/i><\/a><a href=\"#\"  class=\"td-ajax-next-page\" aria-label=\"next-page\" id=\"next-page-tdi_34\" data-td_block_id=\"tdi_34\"><i class=\"td-next-prev-icon td-icon-font td-icon-menu-right\"><\/i><\/a><\/div><\/div> <!-- .\/block --><div class=\"clearfix\"><\/div><\/div><\/div><\/div><\/div><\/div><\/div>","protected":false},"excerpt":{"rendered":"","protected":false},"author":1,"featured_media":0,"parent":0,"menu_order":0,"comment_status":"open","ping_status":"closed","template":"","meta":{"om_disable_all_campaigns":false,"footnotes":""},"class_list":["post-119","page","type-page","status-publish"],"_links":{"self":[{"href":"https:\/\/agenciaunicom.com.br\/blog\/wp-json\/wp\/v2\/pages\/119","targetHints":{"allow":["GET"]}}],"collection":[{"href":"https:\/\/agenciaunicom.com.br\/blog\/wp-json\/wp\/v2\/pages"}],"about":[{"href":"https:\/\/agenciaunicom.com.br\/blog\/wp-json\/wp\/v2\/types\/page"}],"author":[{"embeddable":true,"href":"https:\/\/agenciaunicom.com.br\/blog\/wp-json\/wp\/v2\/users\/1"}],"replies":[{"embeddable":true,"href":"https:\/\/agenciaunicom.com.br\/blog\/wp-json\/wp\/v2\/comments?post=119"}],"version-history":[{"count":69,"href":"https:\/\/agenciaunicom.com.br\/blog\/wp-json\/wp\/v2\/pages\/119\/revisions"}],"predecessor-version":[{"id":1380,"href":"https:\/\/agenciaunicom.com.br\/blog\/wp-json\/wp\/v2\/pages\/119\/revisions\/1380"}],"wp:attachment":[{"href":"https:\/\/agenciaunicom.com.br\/blog\/wp-json\/wp\/v2\/media?parent=119"}],"curies":[{"name":"wp","href":"https:\/\/api.w.org\/{rel}","templated":true}]}}